{"id":5623,"date":"2025-09-29T12:52:19","date_gmt":"2025-09-29T12:52:19","guid":{"rendered":"https:\/\/www.abbaye-de-leffe.be\/fr\/?page_id=5623"},"modified":"2025-12-27T08:35:57","modified_gmt":"2025-12-27T08:35:57","slug":"mozart","status":"publish","type":"page","link":"https:\/\/www.abbaye-de-leffe.be\/fr\/mozart\/","title":{"rendered":"Mozart"},"content":{"rendered":"\n<div class=\"wp-block-cover alignfull is-light has-parallax\"><div class=\"wp-block-cover__image-background wp-image-5625 size-large has-parallax\" style=\"background-position:50% 50%;background-image:url(https:\/\/www.abbaye-de-leffe.be\/fr\/wp-content\/uploads\/2025\/09\/Mozart-site-web-001-1024x515.jpg)\"><\/div><span aria-hidden=\"true\" class=\"wp-block-cover__background has-background-dim-0 has-background-dim\"><\/span><div class=\"wp-block-cover__inner-container has-global-padding is-layout-constrained wp-block-cover-is-layout-constrained\">\n<div class=\"wp-block-columns is-layout-flex wp-container-core-columns-is-layout-28f84493 wp-block-columns-is-layout-flex\">\n<div class=\"wp-block-column is-vertically-aligned-center is-layout-flow wp-block-column-is-layout-flow\" style=\"flex-basis:50%\"><\/div>\n\n\n\n<div class=\"wp-block-column is-layout-flow wp-block-column-is-layout-flow\" style=\"flex-basis:50%\">\n<div style=\"height:50px\" aria-hidden=\"true\" class=\"wp-block-spacer\"><\/div>\n\n\n\n<figure class=\"wp-block-image size-large\"><img loading=\"lazy\" decoding=\"async\" width=\"1024\" height=\"377\" src=\"https:\/\/www.abbaye-de-leffe.be\/fr\/wp-content\/uploads\/2025\/09\/LOGO-les-marionnettes-apostolique-1024x377.png\" alt=\"\" class=\"wp-image-5671\" style=\"object-fit:cover\" srcset=\"https:\/\/www.abbaye-de-leffe.be\/fr\/wp-content\/uploads\/2025\/09\/LOGO-les-marionnettes-apostolique-1024x377.png 1024w, https:\/\/www.abbaye-de-leffe.be\/fr\/wp-content\/uploads\/2025\/09\/LOGO-les-marionnettes-apostolique-300x110.png 300w, https:\/\/www.abbaye-de-leffe.be\/fr\/wp-content\/uploads\/2025\/09\/LOGO-les-marionnettes-apostolique.png 1904w\" sizes=\"auto, (max-width: 1024px) 100vw, 1024px\" \/><\/figure>\n\n\n\n<div style=\"height:25px\" aria-hidden=\"true\" class=\"wp-block-spacer\"><\/div>\n\n\n\n<figure class=\"wp-block-image aligncenter size-full is-resized\"><img decoding=\"async\" src=\"https:\/\/www.abbaye-de-leffe.be\/fr\/wp-content\/uploads\/2025\/10\/Star.png\" alt=\"\" class=\"wp-image-5772\" style=\"width:auto;height:100px\"\/><\/figure>\n\n\n\n<figure class=\"wp-block-image size-large has-custom-border\"><img decoding=\"async\" src=\"https:\/\/www.abbaye-de-leffe.be\/fr\/wp-content\/uploads\/2025\/10\/La-Symphonie-1024x243.png\" alt=\"\" class=\"wp-image-5766\" style=\"border-style:none;border-width:0px;object-fit:cover\"\/><\/figure>\n\n\n\n<div style=\"height:25px\" aria-hidden=\"true\" class=\"wp-block-spacer\"><\/div>\n\n\n\n<p class=\"has-text-color has-link-color wp-elements-9a2b70d7fa8b1a3c91285cd937b2c7ce\" style=\"color:#003366\">\u00c1 l&#8217;aube de No\u00ebl, un g\u00e9nie de la musique est en crise ! Entre les m\u00e9lodies qui se refusent \u00e0 lui et sa famille qui l&#8217;interrompt \u00e0 chaque instant, composer une symphonie devient un v\u00e9ritable d\u00e9fit pour Mozart : parviendra-t-il \u00e0 trouver l&#8217;inspiration avant que les cloches ne sonnent.<\/p>\n\n\n\n<p class=\"has-text-color has-link-color wp-elements-006f1991457d815e6e63cf5153b8b75b\" style=\"color:#003366\"><em>\u00ab&nbsp;<strong>La Symphonie de No\u00ebl&nbsp;<\/strong>\u00bb<\/em> nous plonge dans les coulisses de la cr\u00e9ation, o\u00f9 la musique et l&#8217;amour s&#8217;entrem\u00ealent pour composer un hymne \u00e0 la joie invitant \u00e0 l&#8217;esprit de No\u00ebl.<\/p>\n\n\n\n<p class=\"has-text-color has-link-color wp-elements-f243a09ce50ce0a7bd828013132a5f9b\" style=\"color:#003366\">Cr\u00e9ation originale :<br>fr\u00e8re Philippe, Emmanuelle Nuncq, H\u00e9lo\u00efse Gerday et Dina.<\/p>\n\n\n\n<div class=\"wp-block-buttons is-layout-flex wp-block-buttons-is-layout-flex\">\n<div class=\"wp-block-button is-style-outline is-style-outline--1\"><a class=\"wp-block-button__link has-text-color has-link-color wp-element-button\" href=\"https:\/\/www.abbaye-de-leffe.be\/fr\/reservation\/\" style=\"border-radius:10px;color:#003366\" target=\"_blank\" rel=\"noreferrer noopener\">r\u00e9server une place <\/a><\/div>\n<\/div>\n\n\n\n<div style=\"height:10px\" aria-hidden=\"true\" class=\"wp-block-spacer\"><\/div>\n\n\n\n<h3 class=\"wp-block-heading has-text-align-left has-text-color has-link-color wp-elements-a7b7405aad51582ef36cdf00005d9f21\" style=\"color:#003466\">Infos pratiques<\/h3>\n\n\n\n<figure class=\"wp-block-image size-full is-resized\"><img loading=\"lazy\" decoding=\"async\" width=\"143\" height=\"143\" src=\"https:\/\/www.abbaye-de-leffe.be\/fr\/wp-content\/uploads\/2025\/04\/Infos-pratiques-Dates-dOr.png\" alt=\"\" class=\"wp-image-3076\" style=\"width:auto;height:40px\"\/><\/figure>\n\n\n\n<p class=\"has-text-align-left has-text-color has-link-color wp-elements-dfb03173f443d235f92c0a26af767a2c\" style=\"color:#003366\">samedi 27 d\u00e9cembre &#8217;25 \u00e0 14h<br>(nombre des places limit\u00e9e, 45)<br><\/p>\n\n\n\n<figure class=\"wp-block-image size-full is-resized\"><img loading=\"lazy\" decoding=\"async\" width=\"143\" height=\"143\" src=\"https:\/\/www.abbaye-de-leffe.be\/fr\/wp-content\/uploads\/2025\/04\/Infos-pratiques-Horaires-dOr.png\" alt=\"\" class=\"wp-image-3077\" style=\"width:auto;height:40px\"\/><\/figure>\n\n\n\n<p class=\"has-text-color has-link-color wp-elements-8b1d37cae982c39bea43309b88b642ed\" style=\"color:#003366\">s\u00e9ances \u00e0 14h et 15h15  |  dur\u00e9e 55 minutes<\/p>\n\n\n\n<figure class=\"wp-block-image size-full is-resized\"><img loading=\"lazy\" decoding=\"async\" width=\"143\" height=\"143\" src=\"https:\/\/www.abbaye-de-leffe.be\/fr\/wp-content\/uploads\/2025\/04\/Infos-pratiques-Adresse-dOr.png\" alt=\"\" class=\"wp-image-3078\" style=\"width:auto;height:40px\"\/><\/figure>\n\n\n\n<p class=\"has-text-color has-link-color wp-elements-6a9e7ae8da37d6928230b7d458159d55\" style=\"color:#003366\">Abbaye Notre-Dame de Leffe<br>Place de l\u2019Abbaye 1, 5500 Dinant<\/p>\n\n\n\n<figure class=\"wp-block-image size-full is-resized\"><img loading=\"lazy\" decoding=\"async\" width=\"298\" height=\"135\" src=\"https:\/\/www.abbaye-de-leffe.be\/fr\/wp-content\/uploads\/2025\/04\/Infos-pratiques-mail-et-contact-dOr.png\" alt=\"\" class=\"wp-image-3073\" style=\"width:auto;height:40px\"\/><\/figure>\n\n\n\n<p class=\"has-text-color has-link-color wp-elements-76a3626767720497d3b5c6787d35050a\" style=\"color:#003366\">082 21 37 19<br><a href=\"mailto:secretariat@abbaye-de-leffe.be\" target=\"_blank\" rel=\"noreferrer noopener\">secretariat@abbaye-de-leffe.be<\/a><\/p>\n\n\n\n<div style=\"height:100px\" aria-hidden=\"true\" class=\"wp-block-spacer\"><\/div>\n<\/div>\n<\/div>\n<\/div><\/div>\n\n\n\n<div class=\"wp-block-cover is-light\"><span aria-hidden=\"true\" class=\"wp-block-cover__background has-secondary-background-color has-background-dim-10 has-background-dim\"><\/span><div class=\"wp-block-cover__inner-container has-global-padding is-layout-constrained wp-block-cover-is-layout-constrained\">\n<figure class=\"wp-block-image aligncenter size-large is-resized\"><img loading=\"lazy\" decoding=\"async\" width=\"1024\" height=\"241\" src=\"https:\/\/www.abbaye-de-leffe.be\/fr\/wp-content\/uploads\/2025\/04\/Logo-sans-coordinates-lOr-1024x241.png\" alt=\"\" class=\"wp-image-5249\" style=\"width:900px\" srcset=\"https:\/\/www.abbaye-de-leffe.be\/fr\/wp-content\/uploads\/2025\/04\/Logo-sans-coordinates-lOr-1024x241.png 1024w, https:\/\/www.abbaye-de-leffe.be\/fr\/wp-content\/uploads\/2025\/04\/Logo-sans-coordinates-lOr-300x71.png 300w, https:\/\/www.abbaye-de-leffe.be\/fr\/wp-content\/uploads\/2025\/04\/Logo-sans-coordinates-lOr-2000x471.png 2000w\" sizes=\"auto, (max-width: 1024px) 100vw, 1024px\" \/><\/figure>\n\n\n\n<div style=\"height:5px\" aria-hidden=\"true\" class=\"wp-block-spacer\"><\/div>\n\n\n\n<div class=\"wp-block-columns alignwide is-layout-flex wp-container-core-columns-is-layout-28f84493 wp-block-columns-is-layout-flex\">\n<div class=\"wp-block-column is-layout-flow wp-block-column-is-layout-flow\" style=\"flex-basis:25%\">\n<h3 class=\"wp-block-heading has-secondary-color has-text-color has-link-color wp-elements-16b2116993199a46a0652f2314ee5ff7\" style=\"font-style:normal;font-weight:300\">Nos coordonn\u00e9es<\/h3>\n\n\n\n<p class=\"has-text-color has-link-color wp-elements-b905c75ab4026e6df274a52df127dae9\" style=\"color:#003366\">Place de l&#8217;Abbaye 1<br>5500 Dinant (Belgique)<\/p>\n\n\n\n<p class=\"has-text-color has-link-color wp-elements-9164414c2b6184123c86e3e15cf5d3ea\" style=\"color:#003366\">T\u00e9l. +32 (0)82 22 23 77<br><a href=\"mailto:secretariat@abbaye-de-leffe.be\">Nous \u00e9crire par email<\/a><\/p>\n\n\n\n<div class=\"wp-block-columns is-layout-flex wp-container-core-columns-is-layout-28f84493 wp-block-columns-is-layout-flex\">\n<div class=\"wp-block-column is-layout-flow wp-block-column-is-layout-flow\" style=\"flex-basis:50px\">\n<figure class=\"wp-block-image size-full is-resized\"><a href=\"https:\/\/www.abbaye-de-leffe.be\/nl\/\" target=\"_blank\" rel=\" noreferrer noopener\"><img loading=\"lazy\" decoding=\"async\" width=\"1000\" height=\"600\" src=\"https:\/\/www.abbaye-de-leffe.be\/en\/wp-content\/uploads\/2025\/04\/0.-Neerlandais-1.jpg\" alt=\"\" class=\"wp-image-4131\" style=\"width:40px\" srcset=\"https:\/\/www.abbaye-de-leffe.be\/fr\/wp-content\/uploads\/2025\/04\/0.-Neerlandais-1.jpg 1000w, https:\/\/www.abbaye-de-leffe.be\/fr\/wp-content\/uploads\/2025\/04\/0.-Neerlandais-1-300x180.jpg 300w\" sizes=\"auto, (max-width: 1000px) 100vw, 1000px\" \/><\/a><\/figure>\n<\/div>\n\n\n\n<div class=\"wp-block-column is-layout-flow wp-block-column-is-layout-flow\" style=\"flex-basis:50px\">\n<figure class=\"wp-block-image size-full is-resized\"><a href=\"https:\/\/www.abbaye-de-leffe.be\/en\/\" target=\"_blank\" rel=\" noreferrer noopener\"><img loading=\"lazy\" decoding=\"async\" width=\"1000\" height=\"600\" src=\"https:\/\/www.abbaye-de-leffe.be\/fr\/wp-content\/uploads\/2025\/04\/0.-Anglais-1.jpg\" alt=\"\" class=\"wp-image-4130\" style=\"width:40px\" srcset=\"https:\/\/www.abbaye-de-leffe.be\/fr\/wp-content\/uploads\/2025\/04\/0.-Anglais-1.jpg 1000w, https:\/\/www.abbaye-de-leffe.be\/fr\/wp-content\/uploads\/2025\/04\/0.-Anglais-1-300x180.jpg 300w\" sizes=\"auto, (max-width: 1000px) 100vw, 1000px\" \/><\/a><\/figure>\n<\/div>\n<\/div>\n<\/div>\n\n\n\n<div class=\"wp-block-column is-layout-flow wp-block-column-is-layout-flow\" style=\"flex-basis:60%\">\n<div class=\"wp-block-group has-global-padding is-layout-constrained wp-block-group-is-layout-constrained\">\n<h3 class=\"wp-block-heading has-text-align-left has-secondary-color has-text-color has-link-color wp-elements-a387551243dab83fa1a01a9e42a1af30\" style=\"font-style:normal;font-weight:300\">Horaires des offices<\/h3>\n\n\n\n<div class=\"wp-block-columns has-text-color has-link-color wp-elements-02c67523e7f405847985201c1f1b15b0 is-layout-flex wp-container-core-columns-is-layout-28f84493 wp-block-columns-is-layout-flex\" style=\"color:#003366\">\n<div class=\"wp-block-column is-layout-flow wp-block-column-is-layout-flow\">\n<p><strong>Semaine<\/strong><br>7h00 Lectures et Laudes<br><em>(lundi et samedi 7h30)<\/em><br>11h00 Messe<br>18h00 Adoration<br>18h30 V\u00eapres<br>20h30 Complies <em>(sauf lundi)<\/em><\/p>\n<\/div>\n\n\n\n<div class=\"wp-block-column is-layout-flow wp-block-column-is-layout-flow\">\n<p><strong>Dimanche et solennit\u00e9s<\/strong><br>7h30 Lectures et Laudes<br><br>10h30 Messe<br>18h00 Adoration<br>18h30 V\u00eapres<br>20h30 Complies<br><\/p>\n<\/div>\n<\/div>\n<\/div>\n<\/div>\n\n\n\n<div class=\"wp-block-column is-layout-flow wp-block-column-is-layout-flow\" style=\"flex-basis:15%\">\n<div style=\"height:30px\" aria-hidden=\"true\" class=\"wp-block-spacer\"><\/div>\n\n\n\n<div class=\"wp-block-group is-nowrap is-layout-flex wp-container-core-group-is-layout-6c531013 wp-block-group-is-layout-flex\">\n<figure class=\"wp-block-image size-full is-resized has-custom-border\"><a href=\"https:\/\/www.facebook.com\/profile.php?id=100071014533088\" target=\"_blank\" rel=\" noreferrer noopener\"><img loading=\"lazy\" decoding=\"async\" width=\"204\" height=\"204\" src=\"http:\/\/abbaye-de-leffe.be\/fr\/wp-content\/uploads\/2024\/04\/Facebook-1.jpg\" alt=\"\" class=\"wp-image-1981\" style=\"border-radius:10px;width:auto;height:50px\" srcset=\"https:\/\/www.abbaye-de-leffe.be\/fr\/wp-content\/uploads\/2024\/04\/Facebook-1.jpg 204w, https:\/\/www.abbaye-de-leffe.be\/fr\/wp-content\/uploads\/2024\/04\/Facebook-1-150x150.jpg 150w\" sizes=\"auto, (max-width: 204px) 100vw, 204px\" \/><\/a><\/figure>\n\n\n\n<figure class=\"wp-block-image size-full is-resized has-custom-border\"><a href=\"https:\/\/www.instagram.com\/abbayedeleffe\/\" target=\"_blank\" rel=\" noreferrer noopener\"><img loading=\"lazy\" decoding=\"async\" width=\"205\" height=\"205\" src=\"http:\/\/abbaye-de-leffe.be\/fr\/wp-content\/uploads\/2024\/04\/instagram-icoon-groot.jpg\" alt=\"\" class=\"wp-image-1980\" style=\"border-radius:10px;width:auto;height:50px\" srcset=\"https:\/\/www.abbaye-de-leffe.be\/fr\/wp-content\/uploads\/2024\/04\/instagram-icoon-groot.jpg 205w, https:\/\/www.abbaye-de-leffe.be\/fr\/wp-content\/uploads\/2024\/04\/instagram-icoon-groot-150x150.jpg 150w\" sizes=\"auto, (max-width: 205px) 100vw, 205px\" \/><\/a><\/figure>\n<\/div>\n\n\n\n<iframe src=\"https:\/\/www.google.com\/maps\/embed?pb=!1m18!1m12!1m3!1d2550.2340198374195!2d4.907499999999999!3d50.2688889!2m3!1f0!2f0!3f0!3m2!1i1024!2i768!4f13.1!3m3!1m2!1s0x47c195617538d997%3A0xe4df80040d1a31fb!2sAbbaye%20Notre-Dame%20de%20Leffe!5e0!3m2!1sfr!2sbe!4v1744703530679!5m2!1sfr!2sbe\" width=\"600\" height=\"450\" style=\"border:0;\" allowfullscreen=\"\" loading=\"lazy\" referrerpolicy=\"no-referrer-when-downgrade\"><\/iframe>\n<\/div>\n<\/div>\n<\/div><\/div>\n","protected":false},"excerpt":{"rendered":"","protected":false},"author":1,"featured_media":0,"parent":0,"menu_order":0,"comment_status":"closed","ping_status":"closed","template":"page-templates\/full-width-transparent.php","meta":{"footnotes":""},"class_list":["post-5623","page","type-page","status-publish","hentry"],"jetpack_sharing_enabled":true,"_links":{"self":[{"href":"https:\/\/www.abbaye-de-leffe.be\/fr\/wp-json\/wp\/v2\/pages\/5623","targetHints":{"allow":["GET"]}}],"collection":[{"href":"https:\/\/www.abbaye-de-leffe.be\/fr\/wp-json\/wp\/v2\/pages"}],"about":[{"href":"https:\/\/www.abbaye-de-leffe.be\/fr\/wp-json\/wp\/v2\/types\/page"}],"author":[{"embeddable":true,"href":"https:\/\/www.abbaye-de-leffe.be\/fr\/wp-json\/wp\/v2\/users\/1"}],"replies":[{"embeddable":true,"href":"https:\/\/www.abbaye-de-leffe.be\/fr\/wp-json\/wp\/v2\/comments?post=5623"}],"version-history":[{"count":35,"href":"https:\/\/www.abbaye-de-leffe.be\/fr\/wp-json\/wp\/v2\/pages\/5623\/revisions"}],"predecessor-version":[{"id":6161,"href":"https:\/\/www.abbaye-de-leffe.be\/fr\/wp-json\/wp\/v2\/pages\/5623\/revisions\/6161"}],"wp:attachment":[{"href":"https:\/\/www.abbaye-de-leffe.be\/fr\/wp-json\/wp\/v2\/media?parent=5623"}],"curies":[{"name":"wp","href":"https:\/\/api.w.org\/{rel}","templated":true}]}}