{"id":4002,"date":"2025-04-24T13:07:05","date_gmt":"2025-04-24T13:07:05","guid":{"rendered":"https:\/\/www.abbaye-de-leffe.be\/fr\/?page_id=4002"},"modified":"2025-12-17T11:26:34","modified_gmt":"2025-12-17T11:26:34","slug":"priere","status":"publish","type":"page","link":"https:\/\/www.abbaye-de-leffe.be\/fr\/priere\/","title":{"rendered":"pri\u00e8re"},"content":{"rendered":"\n<div class=\"wp-block-cover alignfull has-parallax\"><div class=\"wp-block-cover__image-background wp-image-4005 size-large has-parallax\" style=\"background-position:50% 50%;background-image:url(https:\/\/www.abbaye-de-leffe.be\/fr\/wp-content\/uploads\/2025\/04\/Priere-1024x511.jpg)\"><\/div><span aria-hidden=\"true\" class=\"wp-block-cover__background has-background-dim-0 has-background-dim\"><\/span><div class=\"wp-block-cover__inner-container has-global-padding is-layout-constrained wp-block-cover-is-layout-constrained\">\n<div class=\"wp-block-columns is-layout-flex wp-container-core-columns-is-layout-28f84493 wp-block-columns-is-layout-flex\">\n<div class=\"wp-block-column is-vertically-aligned-top is-layout-flow wp-block-column-is-layout-flow\" style=\"flex-basis:30%\">\n<figure class=\"wp-block-image size-thumbnail is-resized\"><a href=\"https:\/\/www.abbaye-de-leffe.be\/fr\/\"><img loading=\"lazy\" decoding=\"async\" width=\"150\" height=\"150\" src=\"https:\/\/www.abbaye-de-leffe.be\/fr\/wp-content\/uploads\/2025\/06\/0.-Acceuil-002-Amoiries-abbaye-150x150.png\" alt=\"\" class=\"wp-image-4326\" style=\"width:auto;height:150px\"\/><\/a><\/figure>\n<\/div>\n\n\n\n<div class=\"wp-block-column has-background-color has-text-color has-link-color wp-elements-8ff8adee9b8d4fbb41043ea87a01de03 is-layout-flow wp-block-column-is-layout-flow\" style=\"flex-basis:45%\">\n<div style=\"height:20px\" aria-hidden=\"true\" class=\"wp-block-spacer\"><\/div>\n\n\n\n<h3 class=\"wp-block-heading\">Notre P\u00e8re<\/h3>\n\n\n\n<p>Notre P\u00e8re, qui es aux cieux, que ton nom soit sanctifi\u00e9,<br>que ton r\u00e8gne vienne, que ta volont\u00e9 soit faite sur la terre comme au ciel. Donne-nous aujourd\u2019hui notre pain de ce jour. Pardonne-nous nos offenses, comme nous pardonnons aussi \u00e0 ceux qui nous ont offens\u00e9s. Et ne nous laisse pas entrer en tentation mais d\u00e9livre-nous du Mal. Amen.<\/p>\n\n\n\n<hr class=\"wp-block-separator has-text-color has-secondary-color has-alpha-channel-opacity has-secondary-background-color has-background is-style-default\"\/>\n\n\n\n<h3 class=\"wp-block-heading\">Je vous salue Marie<\/h3>\n\n\n\n<p>Je vous salue Marie, pleine de gr\u00e2ce ; le Seigneur est avec vous. Vous \u00eates b\u00e9nie entre toutes les femmes et J\u00e9sus, le fruit de vos entrailles, est b\u00e9ni. Sainte Marie, M\u00e8re de Dieu,<br>priez pour nous pauvres p\u00e9cheurs, maintenant et \u00e0 l\u2019heure de notre mort. Amen.<\/p>\n\n\n\n<hr class=\"wp-block-separator has-text-color has-secondary-color has-alpha-channel-opacity has-secondary-background-color has-background is-style-default\"\/>\n\n\n\n<h3 class=\"wp-block-heading\">Le Symbole des Ap\u00f4tres (Credo)<\/h3>\n\n\n\n<p>Je crois en Dieu, le P\u00e8re tout-puissant, Cr\u00e9ateur du ciel et de la terre. Et en J\u00e9sus Christ, son Fils unique, notre Seigneur ; qui a \u00e9t\u00e9 con\u00e7u du Saint Esprit, est n\u00e9 de la Vierge Marie, a souffert sous Ponce Pilate, a \u00e9t\u00e9 crucifi\u00e9, est mort et a \u00e9t\u00e9 enseveli, est descendu aux enfers ; le troisi\u00e8me jour est ressuscit\u00e9 des morts, est mont\u00e9 aux cieux, est assis \u00e0 la droite de Dieu le P\u00e8re tout-puissant, d\u2019o\u00f9 il viendra juger les vivants et les morts. Je crois en l\u2019Esprit Saint, \u00e0 la sainte \u00c9glise catholique, \u00e0 la communion des saints, \u00e0 la r\u00e9mission des p\u00e9ch\u00e9s, \u00e0 la&nbsp;r\u00e9surrection&nbsp;de la chair, \u00e0 la vie \u00e9ternelle. Amen.<\/p>\n\n\n\n<hr class=\"wp-block-separator has-text-color has-secondary-color has-alpha-channel-opacity has-secondary-background-color has-background is-style-default\"\/>\n\n\n\n<h3 class=\"wp-block-heading\">Le symbole de Nic\u00e9e-Constantinople<\/h3>\n\n\n\n<p>Je crois en un seul Dieu, le P\u00e8re tout-puissant, cr\u00e9ateur du ciel et de la terre, de l\u2019univers visible et invisible. Je crois en un seul Seigneur, J\u00e9sus Christ, le Fils unique de Dieu, n\u00e9 du P\u00e8re avant tous les si\u00e8cles&nbsp;: Il est Dieu, n\u00e9 de Dieu, lumi\u00e8re n\u00e9e de la lumi\u00e8re, vrai Dieu, n\u00e9 du vrai Dieu, Engendr\u00e9, non pas cr\u00e9\u00e9, <strong>consubstantiel<\/strong>&nbsp;au P\u00e8re, et par lui tout a \u00e9t\u00e9 fait. Pour nous les hommes, et pour notre salut, il descendit du ciel&nbsp;; Par l\u2019Esprit Saint, il a pris chair de la Vierge Marie, et s\u2019est fait homme. Crucifi\u00e9 pour nous sous Ponce Pilate, il souffrit sa passion et fut mis au tombeau. Il ressuscita le troisi\u00e8me jour, conform\u00e9ment aux \u00c9critures, et il monta au ciel&nbsp;; il est assis \u00e0 la droite du P\u00e8re. Il reviendra dans la gloire, pour juger les vivants et les morts&nbsp;; et son r\u00e8gne n\u2019aura pas de fin. Je crois en l\u2019Esprit Saint, qui est Seigneur et qui donne la vie&nbsp;; il proc\u00e8de du P\u00e8re et du Fils&nbsp;; avec le P\u00e8re et le Fils, il re\u00e7oit m\u00eame adoration et m\u00eame gloire&nbsp;; il a parl\u00e9 par les proph\u00e8tes. Je crois en l\u2019\u00c9glise, une, sainte, catholique et apostolique. Je reconnais un seul bapt\u00eame pour le pardon des p\u00e9ch\u00e9s. J\u2019attends la r\u00e9surrection des morts, et la vie du monde \u00e0 venir. Amen.<\/p>\n\n\n\n<hr class=\"wp-block-separator has-text-color has-secondary-color has-alpha-channel-opacity has-secondary-background-color has-background is-style-default\"\/>\n\n\n\n<h3 class=\"wp-block-heading\">Cantique de Zacharie (Laudes)<\/h3>\n\n\n\n<p>B\u00e9ni soit le Seigneur, le Dieu&nbsp;d&#8217;Isra\u00ebl, qui visite et rach\u00e8te son peuple. Il a fait surgir la force qui nous sauve dans la maison de David, son serviteur, comme il l&#8217;avait dit par la bouche des saints, par ses proph\u00e8tes, depuis les temps anciens : salut qui nous arrache \u00e0 l&#8217;ennemi, \u00e0 la main de tous nos oppresseurs, amour qu&#8217;il montre envers nos p\u00e8res, m\u00e9moire de son alliance sainte, serment jur\u00e9 \u00e0 notre p\u00e8re Abraham de nous rendre sans crainte, afin que, d\u00e9livr\u00e9s de la main des ennemis, nous le servions dans la justice et la saintet\u00e9, en sa pr\u00e9sence, tout au long de nos jours. Et toi, petit enfant, tu seras appel\u00e9 proph\u00e8te du Tr\u00e8s-Haut : tu marcheras devant, \u00e0 la face du Seigneur, et tu pr\u00e9pareras ses chemins pour donner \u00e0 son peuple de conna\u00eetre le salut par la r\u00e9mission de ses p\u00e9ch\u00e9s, gr\u00e2ce \u00e0 la tendresse, \u00e0 l&#8217;amour de notre Dieu, quand nous visite l&#8217;astre d&#8217;en haut, pour illuminer ceux qui habitent les t\u00e9n\u00e8bres et l&#8217;ombre de la mort, pour conduire nos pas au chemin de la paix.<\/p>\n\n\n\n<hr class=\"wp-block-separator has-text-color has-secondary-color has-alpha-channel-opacity has-secondary-background-color has-background is-style-default\"\/>\n\n\n\n<h3 class=\"wp-block-heading\">Cantique de Marie (V\u00eapres)<\/h3>\n\n\n\n<p>Mon \u00e2me exalte le Seigneur, exulte mon esprit en Dieu, mon Sauveur !&nbsp;Il s&#8217;est pench\u00e9 sur son humble servante ; d\u00e9sormais, tous les \u00e2ges me diront bienheureuse. Le Puissant fit pour moi des merveilles ; Saint est son nom !&nbsp;Son amour s&#8217;\u00e9tend d&#8217;\u00e2ge en \u00e2ge sur ceux qui le craignent ; D\u00e9ployant la force de son bras, il disperse les superbes. Il renverse les puissants de leurs tr\u00f4nes, il \u00e9l\u00e8ve les humbles. Il comble de biens les affam\u00e9s, renvoie les riches les mains vides. Il rel\u00e8ve Isra\u00ebl, son serviteur, il se souvient de son amour, de la promesse faite \u00e0 nos p\u00e8res, en faveur d&#8217;Abraham et de sa race, \u00e0 jamais.<\/p>\n\n\n\n<hr class=\"wp-block-separator has-text-color has-secondary-color has-alpha-channel-opacity has-secondary-background-color has-background is-style-default\"\/>\n\n\n\n<h3 class=\"wp-block-heading\">Cantique de Sym\u00e9on (Complies)<\/h3>\n\n\n\n<p>Maintenant, \u00f4 Ma\u00eetre souverain, tu peux laisser ton serviteur s&#8217;en aller en paix, selon ta parole.&nbsp;Car mes yeux ont vu&nbsp;le salut que tu pr\u00e9parais \u00e0 la face des peuples&nbsp;: lumi\u00e8re qui se r\u00e9v\u00e8le aux nations et donne gloire \u00e0 ton peuple Isra\u00ebl.<\/p>\n\n\n\n<hr class=\"wp-block-separator has-text-color has-secondary-color has-alpha-channel-opacity has-secondary-background-color has-background is-style-default\"\/>\n\n\n\n<figure class=\"wp-block-image aligncenter size-thumbnail\"><img loading=\"lazy\" decoding=\"async\" width=\"150\" height=\"150\" src=\"https:\/\/www.abbaye-de-leffe.be\/fr\/wp-content\/uploads\/2025\/04\/pelerins-desperance-blanc-150x150.png\" alt=\"\" class=\"wp-image-4061\"\/><\/figure>\n\n\n\n<h3 class=\"wp-block-heading\">Pri\u00e8re du Jubil\u00e9<\/h3>\n\n\n\n<p><em>Pape Fran\u00e7ois<\/em><\/p>\n\n\n\n<p>P\u00e8re c\u00e9leste, en ton fils J\u00e9sus-Christ, notre fr\u00e8re, tu nous as donn\u00e9 la&nbsp;foi, et tu as r\u00e9pandu dans nos c\u0153urs par l\u2019Esprit Saint, la flamme de&nbsp;la charit\u00e9 qu\u2019elles r\u00e9veillent en nous la bienheureuse esp\u00e9rance&nbsp;de l\u2019av\u00e8nement de ton Royaume.<\/p>\n\n\n\n<p>Que ta gr\u00e2ce nous transforme, pour que nous puissions faire fructifier les semences de l\u2019Evangile, qui feront grandir l\u2019humanit\u00e9 et la cr\u00e9ation tout enti\u00e8re, dans l\u2019attente confiante des cieux nouveaux et de la terre nouvelle, lorsque les puissances du mal seront vaincues, et ta gloire manifest\u00e9e pour toujours.<\/p>\n\n\n\n<p>Que la gr\u00e2ce du Jubil\u00e9, qui fait de nous des&nbsp;P\u00e8lerins d\u2019Esp\u00e9rance, ravive en nous l\u2019aspiration aux biens c\u00e9lestes et r\u00e9pande sur le monde entier la joie et la paix de notre R\u00e9dempteur.<\/p>\n\n\n\n<p>A toi, Dieu b\u00e9ni dans l\u2019\u00e9ternit\u00e9, la louange et la gloire pour les si\u00e8cles des si\u00e8cles. Amen.<\/p>\n\n\n\n<hr class=\"wp-block-separator has-text-color has-secondary-color has-alpha-channel-opacity has-secondary-background-color has-background is-style-default\"\/>\n\n\n\n<h3 class=\"wp-block-heading\">Pri\u00e8re pour la paix<\/h3>\n\n\n\n<p>Vierge Marie, Notre Dame de Paix, Tu es venue jusqu\u2019\u00e0 nous<br>pour nous porter la paix de Dieu, J\u00e9sus, Ton Enfant. Avec tous ceux et celles qui T\u2019ont invoqu\u00e9e dans l\u2019\u00e9preuve et le d\u00e9sarroi, nous venons pr\u00e8s de Toi avec confiance car Tu es notre M\u00e8re.<\/p>\n\n\n\n<p>R\u00e9jouis-Toi, humble servante du Seigneur. En Ton C\u0153ur, Dieu \u00e9tablit sa demeure parmi nous. Dans le C\u0153ur de J\u00e9sus Ton Enfant, Il nous r\u00e9v\u00e8le sa tendresse et sa mis\u00e9ricorde. Au pied de la Croix, Tu accueilles le pardon et la paix qu\u2019Il nous obtient. Conduis-nous \u00e0 la source d\u2019eau vive de son C\u0153ur.<\/p>\n\n\n\n<p>Prie pour nous, prie avec nous Sainte M\u00e8re de Dieu, pour que nous soyons des artisans de r\u00e9conciliation et des serviteurs de la paix. Nous conna\u00eetrons alors la paix du C\u0153ur promise \u00e0 ceux et celles qui marchent, avec Toi, sur les chemins de l\u2019\u00c9vangile pour le monde ait la vie et qu\u2019il l\u2019ait en abondance. Amen.<\/p>\n\n\n\n<h3 class=\"wp-block-heading\">Les Confessions 10,27<\/h3>\n\n\n\n<p><em>Saint Augustin<\/em><\/p>\n\n\n\n<p>Bien tard, je t\u2019ai aim\u00e9e, \u00f4 beaut\u00e9 si ancienne et si nouvelle, bien tard, je t\u2019ai aim\u00e9e !<\/p>\n\n\n\n<p>Et voici que tu \u00e9tais au-dedans, et moi au-dehors, et c\u2019est l\u00e0 que je te cherchais, et sur la gr\u00e2ce de ces choses que tu as faites, pauvre disgraci\u00e9, je me ruais !<\/p>\n\n\n\n<p>Tu \u00e9tais avec moi et je n\u2019\u00e9tais pas avec toi ; elles me retenaient loin de toi, ces choses qui pourtant, si elles n\u2019existaient pas en toi, n\u2019existeraient pas !<\/p>\n\n\n\n<p>Tu as appel\u00e9, tu as cri\u00e9 et tu as bris\u00e9 ma surdit\u00e9 ; tu as brill\u00e9, tu as resplendi et tu as dissip\u00e9 ma c\u00e9cit\u00e9 ; tu as embaum\u00e9, j\u2019ai respir\u00e9 et haletant j\u2019aspire \u00e0 toi ; j\u2019ai go\u00fbt\u00e9, et j\u2019ai faim et j\u2019ai soif ; tu m\u2019as touch\u00e9 et je me suis enflamm\u00e9 pour ta paix.<\/p>\n\n\n\n<div style=\"height:20px\" aria-hidden=\"true\" class=\"wp-block-spacer\"><\/div>\n\n\n\n<div style=\"height:100px\" aria-hidden=\"true\" class=\"wp-block-spacer\"><\/div>\n<\/div>\n\n\n\n<div class=\"wp-block-column is-layout-flow wp-block-column-is-layout-flow\" style=\"flex-basis:2%\"><\/div>\n\n\n\n<div class=\"wp-block-column has-secondary-color has-text-color has-link-color wp-elements-a3eaf90787e9590a409f685f01aafd2d is-layout-flow wp-block-column-is-layout-flow\" style=\"flex-basis:23%\">\n<div style=\"height:20px\" aria-hidden=\"true\" class=\"wp-block-spacer\"><\/div>\n\n\n\n<h4 class=\"wp-block-heading has-text-align-right has-secondary-color has-text-color has-link-color wp-elements-be5273869879b50f0debf59e94836687\" style=\"font-style:normal;font-weight:300\"><strong>Prier avec la communaut\u00e9<\/strong><\/h4>\n\n\n\n<p class=\"has-text-align-right has-background-color has-text-color has-link-color has-x-small-font-size wp-elements-691e1ff0109afba7dad9628139901c60\">Nous vous invitons de joindre notre communaut\u00e9 pour les offices des jour.<\/p>\n\n\n\n<div class=\"wp-block-buttons is-horizontal is-content-justification-right is-layout-flex wp-container-core-buttons-is-layout-30af2ff6 wp-block-buttons-is-layout-flex\">\n<div class=\"wp-block-button is-style-outline is-style-outline--1\"><a class=\"wp-block-button__link has-background-color has-text-color has-link-color has-x-small-font-size has-custom-font-size wp-element-button\" href=\"https:\/\/www.abbaye-de-leffe.be\/fr\/venir\/\">horaires des offices<\/a><\/div>\n<\/div>\n\n\n\n<h4 class=\"wp-block-heading has-text-align-right has-secondary-color has-text-color has-link-color wp-elements-69f7c481ef5dfcf9dd0dc117390c4537\" style=\"font-style:normal;font-weight:300\"><strong>Demande d&#8217;intention(s) de messe<\/strong><\/h4>\n\n\n\n<p class=\"has-text-align-right has-background-color has-text-color has-link-color has-x-small-font-size wp-elements-cc61c871053a0ccfb3a5fde6d365e533\">Veuillez transmettre l&#8217;intention que vous demandez <strong>au moins une semaine \u00e0 l&#8217;avance<\/strong> en compl\u00e9tant <a href=\"https:\/\/www.abbaye-de-leffe.be\/fr\/form-intention\/\" target=\"_blank\" rel=\"noreferrer noopener\">le formulaire ci-dessous<\/a>, ou en contactant le secr\u00e9tariat&nbsp;via +32 (0)82 22 23 77 (entre 8h30 et 16h). N&#8217;oubliez pas de nous fournir les d\u00e9tails ci-dessous ; Nom + pr\u00e9nom du\/des d\u00e9funt(s) ou intention (action de gr\u00e2ce, gu\u00e9rison, pri\u00e8re, \u2026), date de messe, votre e-mail, GSM ou t\u00e9l\u00e9phone.<\/p>\n\n\n\n<div class=\"wp-block-buttons is-horizontal is-content-justification-right is-layout-flex wp-container-core-buttons-is-layout-30af2ff6 wp-block-buttons-is-layout-flex\">\n<div class=\"wp-block-button is-style-outline is-style-outline--2\"><a class=\"wp-block-button__link has-background-color has-text-color has-link-color has-x-small-font-size has-custom-font-size wp-element-button\" href=\"https:\/\/www.abbaye-de-leffe.be\/fr\/form-intention\/\" target=\"_blank\" rel=\"noreferrer noopener\">demande d&#8217;intention(s)<\/a><\/div>\n<\/div>\n\n\n\n<p class=\"has-text-align-right has-background-color has-text-color has-link-color has-x-small-font-size wp-elements-74a03b9a255aa84de8f18580770ebd9b\"><em>Veuillez virer 7 euros sur le compte de ASBL Abbaye de Leffe num\u00e9ro BE69 3601 0144 0178 (ING), en indiquant votre nom et pr\u00e9nom.<\/em><br><em>Merci.<\/em><\/p>\n<\/div>\n<\/div>\n<\/div><\/div>\n\n\n\n<div class=\"wp-block-cover is-light\"><span aria-hidden=\"true\" class=\"wp-block-cover__background has-secondary-background-color has-background-dim-10 has-background-dim\"><\/span><div class=\"wp-block-cover__inner-container has-global-padding is-layout-constrained wp-block-cover-is-layout-constrained\">\n<figure class=\"wp-block-image aligncenter size-large is-resized\"><img loading=\"lazy\" decoding=\"async\" width=\"1024\" height=\"241\" src=\"https:\/\/www.abbaye-de-leffe.be\/fr\/wp-content\/uploads\/2025\/04\/Logo-sans-coordinates-lOr-1024x241.png\" alt=\"\" class=\"wp-image-5249\" style=\"width:900px\" srcset=\"https:\/\/www.abbaye-de-leffe.be\/fr\/wp-content\/uploads\/2025\/04\/Logo-sans-coordinates-lOr-1024x241.png 1024w, https:\/\/www.abbaye-de-leffe.be\/fr\/wp-content\/uploads\/2025\/04\/Logo-sans-coordinates-lOr-300x71.png 300w, https:\/\/www.abbaye-de-leffe.be\/fr\/wp-content\/uploads\/2025\/04\/Logo-sans-coordinates-lOr-2000x471.png 2000w\" sizes=\"auto, (max-width: 1024px) 100vw, 1024px\" \/><\/figure>\n\n\n\n<div style=\"height:5px\" aria-hidden=\"true\" class=\"wp-block-spacer\"><\/div>\n\n\n\n<div class=\"wp-block-columns alignwide is-layout-flex wp-container-core-columns-is-layout-28f84493 wp-block-columns-is-layout-flex\">\n<div class=\"wp-block-column is-layout-flow wp-block-column-is-layout-flow\" style=\"flex-basis:25%\">\n<h3 class=\"wp-block-heading has-secondary-color has-text-color has-link-color wp-elements-16b2116993199a46a0652f2314ee5ff7\" style=\"font-style:normal;font-weight:300\">Nos coordonn\u00e9es<\/h3>\n\n\n\n<p class=\"has-text-color has-link-color wp-elements-b905c75ab4026e6df274a52df127dae9\" style=\"color:#003366\">Place de l&#8217;Abbaye 1<br>5500 Dinant (Belgique)<\/p>\n\n\n\n<p class=\"has-text-color has-link-color wp-elements-9164414c2b6184123c86e3e15cf5d3ea\" style=\"color:#003366\">T\u00e9l. +32 (0)82 22 23 77<br><a href=\"mailto:secretariat@abbaye-de-leffe.be\">Nous \u00e9crire par email<\/a><\/p>\n\n\n\n<div class=\"wp-block-columns is-layout-flex wp-container-core-columns-is-layout-28f84493 wp-block-columns-is-layout-flex\">\n<div class=\"wp-block-column is-layout-flow wp-block-column-is-layout-flow\" style=\"flex-basis:50px\">\n<figure class=\"wp-block-image size-full is-resized\"><a href=\"https:\/\/www.abbaye-de-leffe.be\/nl\/\" target=\"_blank\" rel=\" noreferrer noopener\"><img loading=\"lazy\" decoding=\"async\" width=\"1000\" height=\"600\" src=\"https:\/\/www.abbaye-de-leffe.be\/en\/wp-content\/uploads\/2025\/04\/0.-Neerlandais-1.jpg\" alt=\"\" class=\"wp-image-4131\" style=\"width:40px\" srcset=\"https:\/\/www.abbaye-de-leffe.be\/fr\/wp-content\/uploads\/2025\/04\/0.-Neerlandais-1.jpg 1000w, https:\/\/www.abbaye-de-leffe.be\/fr\/wp-content\/uploads\/2025\/04\/0.-Neerlandais-1-300x180.jpg 300w\" sizes=\"auto, (max-width: 1000px) 100vw, 1000px\" \/><\/a><\/figure>\n<\/div>\n\n\n\n<div class=\"wp-block-column is-layout-flow wp-block-column-is-layout-flow\" style=\"flex-basis:50px\">\n<figure class=\"wp-block-image size-full is-resized\"><a href=\"https:\/\/www.abbaye-de-leffe.be\/en\/\" target=\"_blank\" rel=\" noreferrer noopener\"><img loading=\"lazy\" decoding=\"async\" width=\"1000\" height=\"600\" src=\"https:\/\/www.abbaye-de-leffe.be\/fr\/wp-content\/uploads\/2025\/04\/0.-Anglais-1.jpg\" alt=\"\" class=\"wp-image-4130\" style=\"width:40px\" srcset=\"https:\/\/www.abbaye-de-leffe.be\/fr\/wp-content\/uploads\/2025\/04\/0.-Anglais-1.jpg 1000w, https:\/\/www.abbaye-de-leffe.be\/fr\/wp-content\/uploads\/2025\/04\/0.-Anglais-1-300x180.jpg 300w\" sizes=\"auto, (max-width: 1000px) 100vw, 1000px\" \/><\/a><\/figure>\n<\/div>\n<\/div>\n<\/div>\n\n\n\n<div class=\"wp-block-column is-layout-flow wp-block-column-is-layout-flow\" style=\"flex-basis:60%\">\n<div class=\"wp-block-group has-global-padding is-layout-constrained wp-block-group-is-layout-constrained\">\n<h3 class=\"wp-block-heading has-text-align-left has-secondary-color has-text-color has-link-color wp-elements-a387551243dab83fa1a01a9e42a1af30\" style=\"font-style:normal;font-weight:300\">Horaires des offices<\/h3>\n\n\n\n<div class=\"wp-block-columns has-text-color has-link-color wp-elements-02c67523e7f405847985201c1f1b15b0 is-layout-flex wp-container-core-columns-is-layout-28f84493 wp-block-columns-is-layout-flex\" style=\"color:#003366\">\n<div class=\"wp-block-column is-layout-flow wp-block-column-is-layout-flow\">\n<p><strong>Semaine<\/strong><br>7h00 Lectures et Laudes<br><em>(lundi et samedi 7h30)<\/em><br>11h00 Messe<br>18h00 Adoration<br>18h30 V\u00eapres<br>20h30 Complies <em>(sauf lundi)<\/em><\/p>\n<\/div>\n\n\n\n<div class=\"wp-block-column is-layout-flow wp-block-column-is-layout-flow\">\n<p><strong>Dimanche et solennit\u00e9s<\/strong><br>7h30 Lectures et Laudes<br><br>10h30 Messe<br>18h00 Adoration<br>18h30 V\u00eapres<br>20h30 Complies<br><\/p>\n<\/div>\n<\/div>\n<\/div>\n<\/div>\n\n\n\n<div class=\"wp-block-column is-layout-flow wp-block-column-is-layout-flow\" style=\"flex-basis:15%\">\n<div style=\"height:30px\" aria-hidden=\"true\" class=\"wp-block-spacer\"><\/div>\n\n\n\n<div class=\"wp-block-group is-nowrap is-layout-flex wp-container-core-group-is-layout-6c531013 wp-block-group-is-layout-flex\">\n<figure class=\"wp-block-image size-full is-resized has-custom-border\"><a href=\"https:\/\/www.facebook.com\/profile.php?id=100071014533088\" target=\"_blank\" rel=\" noreferrer noopener\"><img loading=\"lazy\" decoding=\"async\" width=\"204\" height=\"204\" src=\"http:\/\/abbaye-de-leffe.be\/fr\/wp-content\/uploads\/2024\/04\/Facebook-1.jpg\" alt=\"\" class=\"wp-image-1981\" style=\"border-radius:10px;width:auto;height:50px\" srcset=\"https:\/\/www.abbaye-de-leffe.be\/fr\/wp-content\/uploads\/2024\/04\/Facebook-1.jpg 204w, https:\/\/www.abbaye-de-leffe.be\/fr\/wp-content\/uploads\/2024\/04\/Facebook-1-150x150.jpg 150w\" sizes=\"auto, (max-width: 204px) 100vw, 204px\" \/><\/a><\/figure>\n\n\n\n<figure class=\"wp-block-image size-full is-resized has-custom-border\"><a href=\"https:\/\/www.instagram.com\/abbayedeleffe\/\" target=\"_blank\" rel=\" noreferrer noopener\"><img loading=\"lazy\" decoding=\"async\" width=\"205\" height=\"205\" src=\"http:\/\/abbaye-de-leffe.be\/fr\/wp-content\/uploads\/2024\/04\/instagram-icoon-groot.jpg\" alt=\"\" class=\"wp-image-1980\" style=\"border-radius:10px;width:auto;height:50px\" srcset=\"https:\/\/www.abbaye-de-leffe.be\/fr\/wp-content\/uploads\/2024\/04\/instagram-icoon-groot.jpg 205w, https:\/\/www.abbaye-de-leffe.be\/fr\/wp-content\/uploads\/2024\/04\/instagram-icoon-groot-150x150.jpg 150w\" sizes=\"auto, (max-width: 205px) 100vw, 205px\" \/><\/a><\/figure>\n<\/div>\n\n\n\n<iframe src=\"https:\/\/www.google.com\/maps\/embed?pb=!1m18!1m12!1m3!1d2550.2340198374195!2d4.907499999999999!3d50.2688889!2m3!1f0!2f0!3f0!3m2!1i1024!2i768!4f13.1!3m3!1m2!1s0x47c195617538d997%3A0xe4df80040d1a31fb!2sAbbaye%20Notre-Dame%20de%20Leffe!5e0!3m2!1sfr!2sbe!4v1744703530679!5m2!1sfr!2sbe\" width=\"600\" height=\"450\" style=\"border:0;\" allowfullscreen=\"\" loading=\"lazy\" referrerpolicy=\"no-referrer-when-downgrade\"><\/iframe>\n<\/div>\n<\/div>\n<\/div><\/div>\n","protected":false},"excerpt":{"rendered":"","protected":false},"author":1,"featured_media":0,"parent":0,"menu_order":0,"comment_status":"closed","ping_status":"closed","template":"page-templates\/full-width-transparent.php","meta":{"footnotes":""},"class_list":["post-4002","page","type-page","status-publish","hentry"],"jetpack_sharing_enabled":true,"_links":{"self":[{"href":"https:\/\/www.abbaye-de-leffe.be\/fr\/wp-json\/wp\/v2\/pages\/4002","targetHints":{"allow":["GET"]}}],"collection":[{"href":"https:\/\/www.abbaye-de-leffe.be\/fr\/wp-json\/wp\/v2\/pages"}],"about":[{"href":"https:\/\/www.abbaye-de-leffe.be\/fr\/wp-json\/wp\/v2\/types\/page"}],"author":[{"embeddable":true,"href":"https:\/\/www.abbaye-de-leffe.be\/fr\/wp-json\/wp\/v2\/users\/1"}],"replies":[{"embeddable":true,"href":"https:\/\/www.abbaye-de-leffe.be\/fr\/wp-json\/wp\/v2\/comments?post=4002"}],"version-history":[{"count":63,"href":"https:\/\/www.abbaye-de-leffe.be\/fr\/wp-json\/wp\/v2\/pages\/4002\/revisions"}],"predecessor-version":[{"id":6118,"href":"https:\/\/www.abbaye-de-leffe.be\/fr\/wp-json\/wp\/v2\/pages\/4002\/revisions\/6118"}],"wp:attachment":[{"href":"https:\/\/www.abbaye-de-leffe.be\/fr\/wp-json\/wp\/v2\/media?parent=4002"}],"curies":[{"name":"wp","href":"https:\/\/api.w.org\/{rel}","templated":true}]}}