{"id":40,"date":"2024-03-03T10:17:09","date_gmt":"2024-03-03T10:17:09","guid":{"rendered":"http:\/\/abbayedeleffe.spinternet.be\/fr\/?page_id=40"},"modified":"2026-01-21T11:10:46","modified_gmt":"2026-01-21T11:10:46","slug":"start","status":"publish","type":"page","link":"https:\/\/www.abbaye-de-leffe.be\/fr\/","title":{"rendered":"0. accueil"},"content":{"rendered":"\n<div class=\"wp-block-cover alignfull has-custom-content-position is-position-top-center\"><img loading=\"lazy\" decoding=\"async\" width=\"1024\" height=\"473\" class=\"wp-block-cover__image-background wp-image-6294 size-large\" alt=\"\" src=\"https:\/\/www.abbaye-de-leffe.be\/fr\/wp-content\/uploads\/2026\/01\/0.-Accueil-001-Front-abbaye-2026-1024x473.jpg\" data-object-fit=\"cover\" srcset=\"https:\/\/www.abbaye-de-leffe.be\/fr\/wp-content\/uploads\/2026\/01\/0.-Accueil-001-Front-abbaye-2026-1024x473.jpg 1024w, https:\/\/www.abbaye-de-leffe.be\/fr\/wp-content\/uploads\/2026\/01\/0.-Accueil-001-Front-abbaye-2026-300x139.jpg 300w, https:\/\/www.abbaye-de-leffe.be\/fr\/wp-content\/uploads\/2026\/01\/0.-Accueil-001-Front-abbaye-2026-2000x924.jpg 2000w\" sizes=\"auto, (max-width: 1024px) 100vw, 1024px\" \/><span aria-hidden=\"true\" class=\"wp-block-cover__background has-background-dim-20 has-background-dim\"><\/span><div class=\"wp-block-cover__inner-container has-global-padding is-layout-constrained wp-block-cover-is-layout-constrained\">\n<div class=\"wp-block-columns is-layout-flex wp-container-core-columns-is-layout-28f84493 wp-block-columns-is-layout-flex\">\n<div class=\"wp-block-column is-vertically-aligned-top is-layout-flow wp-block-column-is-layout-flow\">\n<figure class=\"wp-block-image size-thumbnail is-resized\"><img loading=\"lazy\" decoding=\"async\" width=\"150\" height=\"150\" src=\"https:\/\/www.abbaye-de-leffe.be\/fr\/wp-content\/uploads\/2025\/06\/0.-Acceuil-002-Amoiries-abbaye-blanc-150x150.png\" alt=\"\" class=\"wp-image-4385\" style=\"width:auto;height:150px\"\/><\/figure>\n<\/div>\n\n\n\n<div class=\"wp-block-column is-vertically-aligned-center is-layout-flow wp-block-column-is-layout-flow\">\n<div class=\"wp-block-buttons is-content-justification-right is-layout-flex wp-container-core-buttons-is-layout-d445cf74 wp-block-buttons-is-layout-flex\">\n<div class=\"wp-block-button\"><a class=\"wp-block-button__link has-white-color has-text-color has-background has-link-color wp-element-button\" href=\"https:\/\/www.facebook.com\/profile.php?id=100071014533088\" style=\"border-radius:25px;background-color:#1877f2\" target=\"_blank\" rel=\"noreferrer noopener\"><strong>suivez-nous sur Facebook<\/strong><\/a><\/div>\n<\/div>\n<\/div>\n<\/div>\n\n\n\n<div style=\"height:170px\" aria-hidden=\"true\" class=\"wp-block-spacer\"><\/div>\n\n\n\n<figure class=\"wp-block-image aligncenter size-large\"><a href=\"http:\/\/accueil\"><img loading=\"lazy\" decoding=\"async\" width=\"1024\" height=\"138\" src=\"https:\/\/www.abbaye-de-leffe.be\/fr\/wp-content\/uploads\/2025\/07\/0.-Abbaye-de-leffe-front-tekst-bis-1-1024x138.png\" alt=\"\" class=\"wp-image-4950\" style=\"object-fit:cover\" srcset=\"https:\/\/www.abbaye-de-leffe.be\/fr\/wp-content\/uploads\/2025\/07\/0.-Abbaye-de-leffe-front-tekst-bis-1-1024x138.png 1024w, https:\/\/www.abbaye-de-leffe.be\/fr\/wp-content\/uploads\/2025\/07\/0.-Abbaye-de-leffe-front-tekst-bis-1-300x40.png 300w, https:\/\/www.abbaye-de-leffe.be\/fr\/wp-content\/uploads\/2025\/07\/0.-Abbaye-de-leffe-front-tekst-bis-1.png 1305w\" sizes=\"auto, (max-width: 1024px) 100vw, 1024px\" \/><\/a><\/figure>\n\n\n\n<div style=\"height:var(--wp--preset--spacing--x-small)\" aria-hidden=\"true\" class=\"wp-block-spacer\"><\/div>\n\n\n\n<figure class=\"wp-block-image alignright size-full is-resized has-custom-border\"><img loading=\"lazy\" decoding=\"async\" width=\"1000\" height=\"600\" src=\"https:\/\/www.abbaye-de-leffe.be\/fr\/wp-content\/uploads\/2025\/04\/0.-Anglais-1.jpg\" alt=\"\" class=\"has-border-color has-secondary-border-color wp-image-4130\" style=\"border-width:1px;width:auto;height:30px\" srcset=\"https:\/\/www.abbaye-de-leffe.be\/fr\/wp-content\/uploads\/2025\/04\/0.-Anglais-1.jpg 1000w, https:\/\/www.abbaye-de-leffe.be\/fr\/wp-content\/uploads\/2025\/04\/0.-Anglais-1-300x180.jpg 300w\" sizes=\"auto, (max-width: 1000px) 100vw, 1000px\" \/><\/figure>\n\n\n\n<figure class=\"wp-block-image alignright size-full is-resized has-custom-border is-style-default\"><a href=\"https:\/\/www.abbaye-de-leffe.be\/nl\/\"><img loading=\"lazy\" decoding=\"async\" width=\"1000\" height=\"600\" src=\"https:\/\/www.abbaye-de-leffe.be\/fr\/wp-content\/uploads\/2025\/04\/0.-Neerlandais-1.jpg\" alt=\"\" class=\"has-border-color has-secondary-border-color wp-image-4131\" style=\"border-width:1px;width:auto;height:30px\" srcset=\"https:\/\/www.abbaye-de-leffe.be\/fr\/wp-content\/uploads\/2025\/04\/0.-Neerlandais-1.jpg 1000w, https:\/\/www.abbaye-de-leffe.be\/fr\/wp-content\/uploads\/2025\/04\/0.-Neerlandais-1-300x180.jpg 300w\" sizes=\"auto, (max-width: 1000px) 100vw, 1000px\" \/><\/a><\/figure>\n\n\n\n<div style=\"height:160px\" aria-hidden=\"true\" class=\"wp-block-spacer\"><\/div>\n<\/div><\/div>\n\n\n\n<div class=\"wp-block-cover alignfull is-light has-custom-content-position is-position-top-center\" style=\"min-height:50px;aspect-ratio:unset;\"><img loading=\"lazy\" decoding=\"async\" width=\"1024\" height=\"82\" class=\"wp-block-cover__image-background wp-image-5722 size-large\" alt=\"\" src=\"https:\/\/www.abbaye-de-leffe.be\/fr\/wp-content\/uploads\/2025\/10\/balk-dor-1024x82.jpg\" data-object-fit=\"cover\" srcset=\"https:\/\/www.abbaye-de-leffe.be\/fr\/wp-content\/uploads\/2025\/10\/balk-dor-1024x82.jpg 1024w, https:\/\/www.abbaye-de-leffe.be\/fr\/wp-content\/uploads\/2025\/10\/balk-dor-300x24.jpg 300w, https:\/\/www.abbaye-de-leffe.be\/fr\/wp-content\/uploads\/2025\/10\/balk-dor-2000x160.jpg 2000w\" sizes=\"auto, (max-width: 1024px) 100vw, 1024px\" \/><span aria-hidden=\"true\" class=\"wp-block-cover__background has-background-dim-0 has-background-dim\"><\/span><div class=\"wp-block-cover__inner-container is-layout-flow wp-block-cover-is-layout-flow\">\n<p class=\"has-text-align-center has-large-font-size\"><\/p>\n<\/div><\/div>\n\n\n\n<div class=\"wp-block-cover alignfull is-light\"><span aria-hidden=\"true\" class=\"wp-block-cover__background has-secondary-background-color has-background-dim-10 has-background-dim\"><\/span><div class=\"wp-block-cover__inner-container has-global-padding is-layout-constrained wp-block-cover-is-layout-constrained\">\n<div style=\"height:50px\" aria-hidden=\"true\" class=\"wp-block-spacer\"><\/div>\n\n\n\n<figure class=\"wp-block-image aligncenter size-medium\"><img loading=\"lazy\" decoding=\"async\" width=\"268\" height=\"300\" src=\"https:\/\/www.abbaye-de-leffe.be\/fr\/wp-content\/uploads\/2025\/06\/0.-Acceuil-002-Amoiries-abbaye-sans-texte-268x300.png\" alt=\"\" class=\"wp-image-4328\" srcset=\"https:\/\/www.abbaye-de-leffe.be\/fr\/wp-content\/uploads\/2025\/06\/0.-Acceuil-002-Amoiries-abbaye-sans-texte-268x300.png 268w, https:\/\/www.abbaye-de-leffe.be\/fr\/wp-content\/uploads\/2025\/06\/0.-Acceuil-002-Amoiries-abbaye-sans-texte-914x1024.png 914w, https:\/\/www.abbaye-de-leffe.be\/fr\/wp-content\/uploads\/2025\/06\/0.-Acceuil-002-Amoiries-abbaye-sans-texte.png 950w\" sizes=\"auto, (max-width: 268px) 100vw, 268px\" \/><\/figure>\n\n\n\n<div style=\"height:50px\" aria-hidden=\"true\" class=\"wp-block-spacer\"><\/div>\n\n\n\n<figure class=\"wp-block-image aligncenter size-large is-resized\"><img loading=\"lazy\" decoding=\"async\" width=\"1024\" height=\"62\" src=\"https:\/\/www.abbaye-de-leffe.be\/fr\/wp-content\/uploads\/2025\/06\/0.-ex-opere-messis-1024x62.png\" alt=\"\" class=\"wp-image-4528\" style=\"width:650px\" srcset=\"https:\/\/www.abbaye-de-leffe.be\/fr\/wp-content\/uploads\/2025\/06\/0.-ex-opere-messis-1024x62.png 1024w, https:\/\/www.abbaye-de-leffe.be\/fr\/wp-content\/uploads\/2025\/06\/0.-ex-opere-messis-300x18.png 300w, https:\/\/www.abbaye-de-leffe.be\/fr\/wp-content\/uploads\/2025\/06\/0.-ex-opere-messis.png 1817w\" sizes=\"auto, (max-width: 1024px) 100vw, 1024px\" \/><\/figure>\n\n\n\n<div style=\"height:50px\" aria-hidden=\"true\" class=\"wp-block-spacer\"><\/div>\n\n\n\n<p class=\"has-text-align-center has-text-color has-link-color has-medium-font-size wp-elements-0e13fd8e4df265280dc068a3c7164603\" style=\"color:#003366\">Bienvenue,<br>nous sommes une communaut\u00e9 de chanoines r\u00e9guliers de l\u2019ordre de Pr\u00e9montr\u00e9. <br>Le c\u0153ur de la vie d\u2019un chanoine r\u00e9gulier, c\u2019est la&nbsp;vie commune,&nbsp;<br>qui rayonne doublement, dans la&nbsp;liturgie&nbsp;et dans l\u2019apostolat.<\/p>\n\n\n\n<div style=\"height:20px\" aria-hidden=\"true\" class=\"wp-block-spacer\"><\/div>\n\n\n\n<figure class=\"wp-block-image aligncenter size-medium is-resized\"><img loading=\"lazy\" decoding=\"async\" width=\"300\" height=\"103\" src=\"https:\/\/www.abbaye-de-leffe.be\/fr\/wp-content\/uploads\/2025\/04\/0.-Franse-lelie-tussenvoegsel-300x103.png\" alt=\"\" class=\"wp-image-3768\" style=\"width:auto;height:100px\" srcset=\"https:\/\/www.abbaye-de-leffe.be\/fr\/wp-content\/uploads\/2025\/04\/0.-Franse-lelie-tussenvoegsel-300x103.png 300w, https:\/\/www.abbaye-de-leffe.be\/fr\/wp-content\/uploads\/2025\/04\/0.-Franse-lelie-tussenvoegsel-1024x350.png 1024w, https:\/\/www.abbaye-de-leffe.be\/fr\/wp-content\/uploads\/2025\/04\/0.-Franse-lelie-tussenvoegsel.png 1900w\" sizes=\"auto, (max-width: 300px) 100vw, 300px\" \/><\/figure>\n\n\n\n<div style=\"height:20px\" aria-hidden=\"true\" class=\"wp-block-spacer\"><\/div>\n\n\n\n<div class=\"wp-block-columns is-layout-flex wp-container-core-columns-is-layout-28f84493 wp-block-columns-is-layout-flex\">\n<div class=\"wp-block-column is-layout-flow wp-block-column-is-layout-flow\" style=\"flex-basis:35%\">\n<h3 class=\"wp-block-heading has-secondary-color has-text-color has-link-color wp-elements-a8415bfd8fcd260a4a4c5986433325ca\" style=\"font-style:normal;font-weight:400\"><a href=\"https:\/\/www.abbaye-de-leffe.be\/fr\/actualites\/\" data-type=\"page\" data-id=\"3913\">actualit\u00e9s<\/a><\/h3>\n\n\n\n<div class=\"wp-block-group is-nowrap is-layout-flex wp-container-core-group-is-layout-6c531013 wp-block-group-is-layout-flex\">\n<p class=\"has-text-align-left has-text-color has-link-color wp-elements-c9a2cc698accfdc0e3758182b35904bd\" style=\"color:#003366\">Retraite annuelle de dimanche 11 au vendredi 16 janvier 2026, avec p\u00e8re Jos\u00e9 Mittaz. Nous ne sommes pas disponibles pour le moment.<\/p>\n<\/div>\n<\/div>\n\n\n\n<div class=\"wp-block-column is-layout-flow wp-block-column-is-layout-flow\" style=\"flex-basis:65%\">\n<div class=\"wp-block-columns is-layout-flex wp-container-core-columns-is-layout-28f84493 wp-block-columns-is-layout-flex\">\n<div class=\"wp-block-column is-layout-flow wp-block-column-is-layout-flow\">\n<figure class=\"wp-block-image size-thumbnail\"><a href=\"http:\/\/abbaye-de-leffe.be\/fr\/communaute\/\"><img loading=\"lazy\" decoding=\"async\" width=\"150\" height=\"150\" src=\"https:\/\/www.abbaye-de-leffe.be\/fr\/wp-content\/uploads\/2025\/06\/0.-Acceuil-002-Amoiries-abbaye-sans-texte-bloc-150x150.png\" alt=\"\" class=\"wp-image-4331\" srcset=\"https:\/\/www.abbaye-de-leffe.be\/fr\/wp-content\/uploads\/2025\/06\/0.-Acceuil-002-Amoiries-abbaye-sans-texte-bloc-150x150.png 150w, https:\/\/www.abbaye-de-leffe.be\/fr\/wp-content\/uploads\/2025\/06\/0.-Acceuil-002-Amoiries-abbaye-sans-texte-bloc-300x300.png 300w, https:\/\/www.abbaye-de-leffe.be\/fr\/wp-content\/uploads\/2025\/06\/0.-Acceuil-002-Amoiries-abbaye-sans-texte-bloc-1024x1024.png 1024w, https:\/\/www.abbaye-de-leffe.be\/fr\/wp-content\/uploads\/2025\/06\/0.-Acceuil-002-Amoiries-abbaye-sans-texte-bloc.png 1064w\" sizes=\"auto, (max-width: 150px) 100vw, 150px\" \/><\/a><\/figure>\n\n\n\n<p class=\"has-text-align-center has-secondary-color has-text-color has-link-color has-x-small-font-size wp-elements-4a00300ed583cef20667dda2cf6a8af0\"><a href=\"http:\/\/abbaye-de-leffe.be\/fr\/communaute\/\" data-type=\"page\" data-id=\"2328\">communaut\u00e9<\/a><\/p>\n<\/div>\n\n\n\n<div class=\"wp-block-column is-layout-flow wp-block-column-is-layout-flow\">\n<figure class=\"wp-block-image size-thumbnail has-custom-border is-style-rounded\"><a href=\"https:\/\/www.abbaye-de-leffe.be\/fr\/agenda\/\"><img loading=\"lazy\" decoding=\"async\" width=\"150\" height=\"150\" src=\"https:\/\/www.abbaye-de-leffe.be\/fr\/wp-content\/uploads\/2025\/05\/Abbaye-peinture-003bis-150x150.jpg\" alt=\"\" class=\"wp-image-4240\" style=\"border-radius:25px\"\/><\/a><\/figure>\n\n\n\n<p class=\"has-text-align-center has-secondary-color has-text-color has-link-color has-x-small-font-size wp-elements-b8f95b9f2ae2621f1521f934a195c9db\"><a href=\"https:\/\/www.abbaye-de-leffe.be\/fr\/agenda\/\" data-type=\"page\" data-id=\"211\">agenda<\/a><\/p>\n<\/div>\n\n\n\n<div class=\"wp-block-column is-layout-flow wp-block-column-is-layout-flow\" style=\"border-radius:25px\">\n<figure class=\"wp-block-image size-thumbnail has-custom-border\"><a href=\"https:\/\/www.abbaye-de-leffe.be\/fr\/horaires\/\"><img loading=\"lazy\" decoding=\"async\" width=\"150\" height=\"150\" src=\"https:\/\/www.abbaye-de-leffe.be\/fr\/wp-content\/uploads\/2025\/05\/0.-Acceuil-004a-horaires-150x150.jpg\" alt=\"\" class=\"wp-image-4242\" style=\"border-radius:25px\" srcset=\"https:\/\/www.abbaye-de-leffe.be\/fr\/wp-content\/uploads\/2025\/05\/0.-Acceuil-004a-horaires-150x150.jpg 150w, https:\/\/www.abbaye-de-leffe.be\/fr\/wp-content\/uploads\/2025\/05\/0.-Acceuil-004a-horaires-300x300.jpg 300w, https:\/\/www.abbaye-de-leffe.be\/fr\/wp-content\/uploads\/2025\/05\/0.-Acceuil-004a-horaires.jpg 445w\" sizes=\"auto, (max-width: 150px) 100vw, 150px\" \/><\/a><\/figure>\n\n\n\n<p class=\"has-text-align-center has-secondary-color has-text-color has-link-color has-x-small-font-size wp-elements-e45430c38107369145e0cd3832bb6ca2\"><a href=\"https:\/\/www.abbaye-de-leffe.be\/fr\/horaires\/\" data-type=\"page\" data-id=\"44\">horaires des offices<\/a><\/p>\n<\/div>\n\n\n\n<div class=\"wp-block-column is-layout-flow wp-block-column-is-layout-flow\">\n<figure class=\"wp-block-image size-thumbnail has-custom-border is-style-default\"><a href=\"https:\/\/www.abbaye-de-leffe.be\/fr\/priere\/\"><img loading=\"lazy\" decoding=\"async\" width=\"150\" height=\"150\" src=\"https:\/\/www.abbaye-de-leffe.be\/fr\/wp-content\/uploads\/2025\/04\/0.-Acceuil-005-priere-150x150.jpg\" alt=\"\" class=\"wp-image-3532\" style=\"border-radius:25px\" srcset=\"https:\/\/www.abbaye-de-leffe.be\/fr\/wp-content\/uploads\/2025\/04\/0.-Acceuil-005-priere-150x150.jpg 150w, https:\/\/www.abbaye-de-leffe.be\/fr\/wp-content\/uploads\/2025\/04\/0.-Acceuil-005-priere.jpg 300w\" sizes=\"auto, (max-width: 150px) 100vw, 150px\" \/><\/a><\/figure>\n\n\n\n<p class=\"has-text-align-center has-secondary-color has-text-color has-link-color has-x-small-font-size wp-elements-c8d485a1bcdb6f403c35eb2c5d83da66\"><a href=\"https:\/\/www.abbaye-de-leffe.be\/fr\/priere\/\" data-type=\"page\" data-id=\"4002\">pri\u00e8re<\/a><\/p>\n<\/div>\n\n\n\n<div class=\"wp-block-column is-layout-flow wp-block-column-is-layout-flow\">\n<figure class=\"wp-block-image size-thumbnail has-custom-border is-style-default\"><a href=\"http:\/\/abbaye-de-leffe.be\/fr\/venir\/\"><img loading=\"lazy\" decoding=\"async\" width=\"150\" height=\"150\" src=\"https:\/\/www.abbaye-de-leffe.be\/fr\/wp-content\/uploads\/2025\/04\/0.-Acceuil-006-venir-150x150.jpg\" alt=\"\" class=\"wp-image-3533\" style=\"border-radius:25px\" srcset=\"https:\/\/www.abbaye-de-leffe.be\/fr\/wp-content\/uploads\/2025\/04\/0.-Acceuil-006-venir-150x150.jpg 150w, https:\/\/www.abbaye-de-leffe.be\/fr\/wp-content\/uploads\/2025\/04\/0.-Acceuil-006-venir-300x300.jpg 300w, https:\/\/www.abbaye-de-leffe.be\/fr\/wp-content\/uploads\/2025\/04\/0.-Acceuil-006-venir.jpg 660w\" sizes=\"auto, (max-width: 150px) 100vw, 150px\" \/><\/a><\/figure>\n\n\n\n<p class=\"has-text-align-center has-secondary-color has-text-color has-link-color has-x-small-font-size wp-elements-12058e49f2c275f17559a7bac9ac5089\"><a href=\"http:\/\/abbaye-de-leffe.be\/fr\/venir\/\" data-type=\"page\" data-id=\"44\">venir a l&#8217;abbaye<\/a><\/p>\n<\/div>\n<\/div>\n<\/div>\n<\/div>\n\n\n\n<div style=\"height:20px\" aria-hidden=\"true\" class=\"wp-block-spacer\"><\/div>\n\n\n\n<figure class=\"wp-block-image aligncenter size-medium is-resized\"><img loading=\"lazy\" decoding=\"async\" width=\"300\" height=\"103\" src=\"https:\/\/www.abbaye-de-leffe.be\/fr\/wp-content\/uploads\/2025\/04\/0.-Franse-lelie-tussenvoegsel-300x103.png\" alt=\"\" class=\"wp-image-3768\" style=\"width:auto;height:100px\" srcset=\"https:\/\/www.abbaye-de-leffe.be\/fr\/wp-content\/uploads\/2025\/04\/0.-Franse-lelie-tussenvoegsel-300x103.png 300w, https:\/\/www.abbaye-de-leffe.be\/fr\/wp-content\/uploads\/2025\/04\/0.-Franse-lelie-tussenvoegsel-1024x350.png 1024w, https:\/\/www.abbaye-de-leffe.be\/fr\/wp-content\/uploads\/2025\/04\/0.-Franse-lelie-tussenvoegsel.png 1900w\" sizes=\"auto, (max-width: 300px) 100vw, 300px\" \/><\/figure>\n\n\n\n<div style=\"height:20px\" aria-hidden=\"true\" class=\"wp-block-spacer\"><\/div>\n\n\n\n<div class=\"wp-block-eds-animate-it-block eds-animate-block-save\"><div class=\"eds-animate animated edsanimate-sis-hidden  \" data-eds-entry-animation=\"fadeInUp\" data-eds-entry-delay=\"0\" data-eds-entry-duration=\"1.5\" data-eds-entry-timing=\"linear\" data-eds-exit-animation=\"\" data-eds-exit-delay=\"0\" data-eds-exit-duration=\"0.5\" data-eds-exit-timing=\"linear\" data-eds-repeat-count=\"1\" data-eds-keep=\"yes\" data-eds-animate-on=\"scroll\" data-eds-scroll-offset=\"20\">\n<div class=\"wp-block-group alignfull has-background has-global-padding is-layout-constrained wp-block-group-is-layout-constrained\" style=\"border-radius:10px;background-color:#e5e9ec;padding-top:var(--wp--preset--spacing--small);padding-bottom:var(--wp--preset--spacing--small)\">\n<div class=\"wp-block-columns alignfull is-layout-flex wp-container-core-columns-is-layout-7db7aa3e wp-block-columns-is-layout-flex\" style=\"padding-right:0;padding-left:0\">\n<div class=\"wp-block-column is-vertically-aligned-center is-layout-flow wp-block-column-is-layout-flow\" style=\"flex-basis:60%\">\n<h2 class=\"wp-block-heading has-secondary-color has-text-color has-link-color wp-elements-23228e0eefcc615defdd2608409b37c3\" style=\"font-style:normal;font-weight:400\">abbaye<\/h2>\n\n\n\n<p class=\"has-text-color has-link-color wp-elements-43c223c07ff17645352f8485e4a2209b\" style=\"color:#003366\">Les origines de notre abbaye, nous saints fondateurs et nos sources d\u2019inspiration, l&#8217;ordre de Pr\u00e9montr\u00e9, &#8230; une partie d&#8217;histoire pour mieux comprendre nos engagements et notre vie actuelle.<\/p>\n\n\n\n<div class=\"wp-block-buttons is-horizontal is-content-justification-left is-layout-flex wp-container-core-buttons-is-layout-20be11b6 wp-block-buttons-is-layout-flex\">\n<div class=\"wp-block-button is-style-outline is-style-outline--1\"><a class=\"wp-block-button__link has-secondary-color has-text-color has-link-color wp-element-button\" href=\"http:\/\/abbaye-de-leffe.be\/fr\/abbaye\/\">EN SAVOIR PLUS<\/a><\/div>\n<\/div>\n<\/div>\n\n\n\n<div class=\"wp-block-column is-layout-flow wp-block-column-is-layout-flow\" style=\"flex-basis:40%\">\n<figure class=\"wp-block-image alignfull size-full has-custom-border is-style-default wp-duotone-unset-2\"><a href=\"https:\/\/www.abbaye-de-leffe.be\/fr\/abbaye\/\"><img loading=\"lazy\" decoding=\"async\" width=\"1752\" height=\"1237\" src=\"https:\/\/www.abbaye-de-leffe.be\/fr\/wp-content\/uploads\/2025\/04\/peinture-001.jpg\" alt=\"\" class=\"wp-image-3995\" style=\"border-radius:10px\" srcset=\"https:\/\/www.abbaye-de-leffe.be\/fr\/wp-content\/uploads\/2025\/04\/peinture-001.jpg 1752w, https:\/\/www.abbaye-de-leffe.be\/fr\/wp-content\/uploads\/2025\/04\/peinture-001-300x212.jpg 300w, https:\/\/www.abbaye-de-leffe.be\/fr\/wp-content\/uploads\/2025\/04\/peinture-001-1024x723.jpg 1024w\" sizes=\"auto, (max-width: 1752px) 100vw, 1752px\" \/><\/a><\/figure>\n<\/div>\n<\/div>\n<\/div>\n<\/div><\/div>\n\n\n\n<div style=\"height:20px\" aria-hidden=\"true\" class=\"wp-block-spacer\"><\/div>\n\n\n\n<figure class=\"wp-block-image aligncenter size-medium is-resized\"><img loading=\"lazy\" decoding=\"async\" width=\"300\" height=\"103\" src=\"https:\/\/www.abbaye-de-leffe.be\/fr\/wp-content\/uploads\/2025\/04\/0.-Franse-lelie-tussenvoegsel-300x103.png\" alt=\"\" class=\"wp-image-3768\" style=\"width:auto;height:100px\" srcset=\"https:\/\/www.abbaye-de-leffe.be\/fr\/wp-content\/uploads\/2025\/04\/0.-Franse-lelie-tussenvoegsel-300x103.png 300w, https:\/\/www.abbaye-de-leffe.be\/fr\/wp-content\/uploads\/2025\/04\/0.-Franse-lelie-tussenvoegsel-1024x350.png 1024w, https:\/\/www.abbaye-de-leffe.be\/fr\/wp-content\/uploads\/2025\/04\/0.-Franse-lelie-tussenvoegsel.png 1900w\" sizes=\"auto, (max-width: 300px) 100vw, 300px\" \/><\/figure>\n\n\n\n<div style=\"height:20px\" aria-hidden=\"true\" class=\"wp-block-spacer\"><\/div>\n\n\n\n<div class=\"wp-block-eds-animate-it-block eds-animate-block-save\"><div class=\"eds-animate animated edsanimate-sis-hidden  \" data-eds-entry-animation=\"fadeInUp\" data-eds-entry-delay=\"0\" data-eds-entry-duration=\"1.5\" data-eds-entry-timing=\"linear\" data-eds-exit-animation=\"\" data-eds-exit-delay=\"0\" data-eds-exit-duration=\"0.5\" data-eds-exit-timing=\"linear\" data-eds-repeat-count=\"1\" data-eds-keep=\"yes\" data-eds-animate-on=\"scroll\" data-eds-scroll-offset=\"20\">\n<figure class=\"wp-block-image alignfull size-large has-custom-border\"><a href=\"https:\/\/www.abbaye-de-leffe.be\/fr\/vivre\/\"><img loading=\"lazy\" decoding=\"async\" width=\"1024\" height=\"522\" src=\"https:\/\/www.abbaye-de-leffe.be\/fr\/wp-content\/uploads\/2025\/07\/0.-Acceuil-008-communaute-bis-1024x522.jpg\" alt=\"\" class=\"has-border-color wp-image-5053\" style=\"border-color:#a48d0d;border-radius:10px\" srcset=\"https:\/\/www.abbaye-de-leffe.be\/fr\/wp-content\/uploads\/2025\/07\/0.-Acceuil-008-communaute-bis-1024x522.jpg 1024w, https:\/\/www.abbaye-de-leffe.be\/fr\/wp-content\/uploads\/2025\/07\/0.-Acceuil-008-communaute-bis-300x153.jpg 300w, https:\/\/www.abbaye-de-leffe.be\/fr\/wp-content\/uploads\/2025\/07\/0.-Acceuil-008-communaute-bis-2000x1020.jpg 2000w\" sizes=\"auto, (max-width: 1024px) 100vw, 1024px\" \/><\/a><\/figure>\n<\/div><\/div>\n\n\n\n<div class=\"wp-block-eds-animate-it-block eds-animate-block-save\"><div class=\"eds-animate animated edsanimate-sis-hidden  \" data-eds-entry-animation=\"fadeInUp\" data-eds-entry-delay=\"0\" data-eds-entry-duration=\"0.5\" data-eds-entry-timing=\"linear\" data-eds-exit-animation=\"\" data-eds-exit-delay=\"0\" data-eds-exit-duration=\"0.5\" data-eds-exit-timing=\"ease\" data-eds-repeat-count=\"1\" data-eds-keep=\"yes\" data-eds-animate-on=\"scroll\" data-eds-scroll-offset=\"20\">\n<div class=\"wp-block-columns is-layout-flex wp-container-core-columns-is-layout-28f84493 wp-block-columns-is-layout-flex\">\n<div class=\"wp-block-column is-layout-flow wp-block-column-is-layout-flow\" style=\"flex-basis:66.66%\">\n<h2 class=\"wp-block-heading has-secondary-color has-text-color has-link-color wp-elements-b78f79125f3d61ab71eee8895b444f41\" style=\"font-style:normal;font-weight:400\">vivre \u00e0 l&#8217;abbaye<\/h2>\n\n\n\n<p class=\"has-text-align-left has-text-color has-link-color wp-elements-b3af87a5a79cd4529967b9ecb3b0e6de\" style=\"color:#003366\">Notre abbaye n\u2019est pas un ensemble de pierres froides, c\u2019est la maison d\u2019une communaut\u00e9 fraternelle qui vit une vie consacr\u00e9e \u00e0 Dieu et aux hommes \u00e0 la suite de Saint Augustin et de Saint Norbert.<\/p>\n\n\n\n<div class=\"wp-block-buttons is-horizontal is-content-justification-left is-layout-flex wp-container-core-buttons-is-layout-20be11b6 wp-block-buttons-is-layout-flex\">\n<div class=\"wp-block-button is-style-outline is-style-outline--3\"><a class=\"wp-block-button__link has-secondary-color has-text-color has-link-color wp-element-button\" href=\"http:\/\/abbaye-de-leffe.be\/fr\/vivre\/\">EN SAVOIR PLUS<\/a><\/div>\n<\/div>\n<\/div>\n\n\n\n<div class=\"wp-block-column is-layout-flow wp-block-column-is-layout-flow\" style=\"flex-basis:33.33%\"><\/div>\n<\/div>\n<\/div><\/div>\n\n\n\n<div style=\"height:20px\" aria-hidden=\"true\" class=\"wp-block-spacer\"><\/div>\n\n\n\n<figure class=\"wp-block-image aligncenter size-medium\"><img loading=\"lazy\" decoding=\"async\" width=\"300\" height=\"103\" src=\"https:\/\/www.abbaye-de-leffe.be\/fr\/wp-content\/uploads\/2025\/04\/0.-Franse-lelie-tussenvoegsel-300x103.png\" alt=\"\" class=\"wp-image-3768\" srcset=\"https:\/\/www.abbaye-de-leffe.be\/fr\/wp-content\/uploads\/2025\/04\/0.-Franse-lelie-tussenvoegsel-300x103.png 300w, https:\/\/www.abbaye-de-leffe.be\/fr\/wp-content\/uploads\/2025\/04\/0.-Franse-lelie-tussenvoegsel-1024x350.png 1024w, https:\/\/www.abbaye-de-leffe.be\/fr\/wp-content\/uploads\/2025\/04\/0.-Franse-lelie-tussenvoegsel.png 1900w\" sizes=\"auto, (max-width: 300px) 100vw, 300px\" \/><\/figure>\n\n\n\n<div class=\"wp-block-eds-animate-it-block eds-animate-block-save\"><div class=\"eds-animate animated edsanimate-sis-hidden  \" data-eds-entry-animation=\"fadeInUp\" data-eds-entry-delay=\"0\" data-eds-entry-duration=\"1.5\" data-eds-entry-timing=\"linear\" data-eds-exit-animation=\"\" data-eds-exit-delay=\"0\" data-eds-exit-duration=\"0.5\" data-eds-exit-timing=\"linear\" data-eds-repeat-count=\"1\" data-eds-keep=\"yes\" data-eds-animate-on=\"scroll\" data-eds-scroll-offset=\"20\">\n<div class=\"wp-block-group alignfull has-background has-global-padding is-layout-constrained wp-block-group-is-layout-constrained\" style=\"border-radius:10px;background-color:#e5e9ec;padding-top:var(--wp--preset--spacing--small);padding-bottom:var(--wp--preset--spacing--small)\">\n<div class=\"wp-block-columns alignfull is-layout-flex wp-container-core-columns-is-layout-7db7aa3e wp-block-columns-is-layout-flex\" style=\"padding-right:0;padding-left:0\">\n<div class=\"wp-block-column is-layout-flow wp-block-column-is-layout-flow\" style=\"flex-basis:45%\">\n<figure class=\"wp-block-image alignfull size-full has-custom-border is-style-default\"><a href=\"https:\/\/www.abbaye-de-leffe.be\/fr\/venir\/\"><img loading=\"lazy\" decoding=\"async\" width=\"1921\" height=\"864\" src=\"https:\/\/www.abbaye-de-leffe.be\/fr\/wp-content\/uploads\/2025\/04\/0.-Acceuil-009-venir.jpg\" alt=\"\" class=\"has-border-color wp-image-3537\" style=\"border-color:#a48d0d;border-radius:10px\" srcset=\"https:\/\/www.abbaye-de-leffe.be\/fr\/wp-content\/uploads\/2025\/04\/0.-Acceuil-009-venir.jpg 1921w, https:\/\/www.abbaye-de-leffe.be\/fr\/wp-content\/uploads\/2025\/04\/0.-Acceuil-009-venir-300x135.jpg 300w, https:\/\/www.abbaye-de-leffe.be\/fr\/wp-content\/uploads\/2025\/04\/0.-Acceuil-009-venir-1024x461.jpg 1024w\" sizes=\"auto, (max-width: 1921px) 100vw, 1921px\" \/><\/a><\/figure>\n<\/div>\n\n\n\n<div class=\"wp-block-column is-vertically-aligned-center is-layout-flow wp-block-column-is-layout-flow\" style=\"flex-basis:55%\">\n<h2 class=\"wp-block-heading has-secondary-color has-text-color has-link-color wp-elements-c6dd41c9d4966f0ae9e477f5c26d0805\" style=\"font-style:normal;font-weight:400\">venir \u00e0 l&#8217;abbaye<\/h2>\n\n\n\n<p class=\"has-text-color has-link-color wp-elements-4aba5190e61679fcec9599a230680753\" style=\"color:#003366\">Hospitalit\u00e9, accueil, activit\u00e9s au sein de l\u2019abbaye : venez partager notre vie et notre spiritualit\u00e9. Bienvenue.<\/p>\n\n\n\n<div class=\"wp-block-buttons is-horizontal is-content-justification-left is-layout-flex wp-container-core-buttons-is-layout-20be11b6 wp-block-buttons-is-layout-flex\">\n<div class=\"wp-block-button is-style-outline is-style-outline--4\"><a class=\"wp-block-button__link has-secondary-color has-text-color has-link-color wp-element-button\" href=\"http:\/\/abbaye-de-leffe.be\/fr\/venir\/\">EN SAVOIR PLUS<\/a><\/div>\n<\/div>\n<\/div>\n<\/div>\n<\/div>\n<\/div><\/div>\n\n\n\n<figure class=\"wp-block-image aligncenter size-medium\"><img loading=\"lazy\" decoding=\"async\" width=\"300\" height=\"103\" src=\"https:\/\/www.abbaye-de-leffe.be\/fr\/wp-content\/uploads\/2025\/04\/0.-Franse-lelie-tussenvoegsel-300x103.png\" alt=\"\" class=\"wp-image-3768\" srcset=\"https:\/\/www.abbaye-de-leffe.be\/fr\/wp-content\/uploads\/2025\/04\/0.-Franse-lelie-tussenvoegsel-300x103.png 300w, https:\/\/www.abbaye-de-leffe.be\/fr\/wp-content\/uploads\/2025\/04\/0.-Franse-lelie-tussenvoegsel-1024x350.png 1024w, https:\/\/www.abbaye-de-leffe.be\/fr\/wp-content\/uploads\/2025\/04\/0.-Franse-lelie-tussenvoegsel.png 1900w\" sizes=\"auto, (max-width: 300px) 100vw, 300px\" \/><\/figure>\n\n\n\n<div class=\"wp-block-eds-animate-it-block eds-animate-block-save\"><div class=\"eds-animate animated edsanimate-sis-hidden  \" data-eds-entry-animation=\"fadeInUp\" data-eds-entry-delay=\"0\" data-eds-entry-duration=\"1.5\" data-eds-entry-timing=\"linear\" data-eds-exit-animation=\"\" data-eds-exit-delay=\"0\" data-eds-exit-duration=\"0.5\" data-eds-exit-timing=\"linear\" data-eds-repeat-count=\"1\" data-eds-keep=\"yes\" data-eds-animate-on=\"scroll\" data-eds-scroll-offset=\"20\">\n<div class=\"wp-block-group alignfull has-global-padding is-layout-constrained wp-block-group-is-layout-constrained\">\n<div class=\"wp-block-columns alignfull is-layout-flex wp-container-core-columns-is-layout-7db7aa3e wp-block-columns-is-layout-flex\" style=\"padding-right:0;padding-left:0\">\n<div class=\"wp-block-column is-vertically-aligned-center is-layout-flow wp-block-column-is-layout-flow\" style=\"flex-basis:75%\">\n<h2 class=\"wp-block-heading has-secondary-color has-text-color has-link-color wp-elements-bd92b8d6b6bd8c4db6762f3bd23bdbdd\" style=\"font-style:normal;font-weight:400\">projets<\/h2>\n\n\n\n<p class=\"has-text-color has-link-color wp-elements-91b2d4071a069d0f14606798d274c6dc\" style=\"color:#003366\">Des engagements fond\u00e9s sur la spiritualit\u00e9 des Pr\u00e9montr\u00e9s pour, avec et gr\u00e2ce \u00e0 vous.<\/p>\n\n\n\n<div class=\"wp-block-buttons is-horizontal is-content-justification-left is-layout-flex wp-container-core-buttons-is-layout-20be11b6 wp-block-buttons-is-layout-flex\">\n<div class=\"wp-block-button is-style-outline is-style-outline--5\"><a class=\"wp-block-button__link has-secondary-color has-text-color has-link-color wp-element-button\" href=\"https:\/\/www.abbaye-de-leffe.be\/fr\/projects\/\">EN SAVOIR PLUS<\/a><\/div>\n<\/div>\n<\/div>\n\n\n\n<div class=\"wp-block-column is-vertically-aligned-center is-layout-flow wp-block-column-is-layout-flow\" style=\"flex-basis:25%\">\n<figure class=\"wp-block-image alignfull size-full has-custom-border\"><a href=\"https:\/\/www.abbaye-de-leffe.be\/fr\/projects\/\"><img loading=\"lazy\" decoding=\"async\" width=\"288\" height=\"300\" src=\"https:\/\/www.abbaye-de-leffe.be\/fr\/wp-content\/uploads\/2025\/04\/0.-Acceuil-010-Cyrys.jpg\" alt=\"\" class=\"has-border-color wp-image-3541\" style=\"border-color:#a48d0d;border-radius:10px\"\/><\/a><\/figure>\n<\/div>\n<\/div>\n<\/div>\n<\/div><\/div>\n\n\n\n<figure class=\"wp-block-image aligncenter size-medium is-resized\"><img loading=\"lazy\" decoding=\"async\" width=\"300\" height=\"103\" src=\"https:\/\/www.abbaye-de-leffe.be\/fr\/wp-content\/uploads\/2025\/04\/0.-Franse-lelie-tussenvoegsel-300x103.png\" alt=\"\" class=\"wp-image-3768\" style=\"width:auto;height:100px\" srcset=\"https:\/\/www.abbaye-de-leffe.be\/fr\/wp-content\/uploads\/2025\/04\/0.-Franse-lelie-tussenvoegsel-300x103.png 300w, https:\/\/www.abbaye-de-leffe.be\/fr\/wp-content\/uploads\/2025\/04\/0.-Franse-lelie-tussenvoegsel-1024x350.png 1024w, https:\/\/www.abbaye-de-leffe.be\/fr\/wp-content\/uploads\/2025\/04\/0.-Franse-lelie-tussenvoegsel.png 1900w\" sizes=\"auto, (max-width: 300px) 100vw, 300px\" \/><\/figure>\n\n\n\n<div class=\"wp-block-eds-animate-it-block eds-animate-block-save\"><div class=\"eds-animate animated edsanimate-sis-hidden  \" data-eds-entry-animation=\"fadeInUp\" data-eds-entry-delay=\"0\" data-eds-entry-duration=\"1.5\" data-eds-entry-timing=\"linear\" data-eds-exit-animation=\"\" data-eds-exit-delay=\"0\" data-eds-exit-duration=\"0.5\" data-eds-exit-timing=\"linear\" data-eds-repeat-count=\"1\" data-eds-keep=\"yes\" data-eds-animate-on=\"scroll\" data-eds-scroll-offset=\"20\">\n<div class=\"wp-block-group alignfull has-global-padding is-layout-constrained wp-block-group-is-layout-constrained\">\n<div class=\"wp-block-columns alignfull is-layout-flex wp-container-core-columns-is-layout-7db7aa3e wp-block-columns-is-layout-flex\" style=\"padding-right:0;padding-left:0\">\n<div class=\"wp-block-column is-vertically-aligned-center is-layout-flow wp-block-column-is-layout-flow\" style=\"flex-basis:33.3%\">\n<figure class=\"wp-block-image alignfull size-full has-custom-border\"><a href=\"https:\/\/www.abbaye-de-leffe.be\/fr\/agenda\/\"><img loading=\"lazy\" decoding=\"async\" width=\"2048\" height=\"1536\" src=\"https:\/\/www.abbaye-de-leffe.be\/fr\/wp-content\/uploads\/2025\/04\/0.-Acceuil-011-agenda-bis.jpg\" alt=\"\" class=\"has-border-color wp-image-3593\" style=\"border-color:#a48d0d;border-radius:10px\" srcset=\"https:\/\/www.abbaye-de-leffe.be\/fr\/wp-content\/uploads\/2025\/04\/0.-Acceuil-011-agenda-bis.jpg 2048w, https:\/\/www.abbaye-de-leffe.be\/fr\/wp-content\/uploads\/2025\/04\/0.-Acceuil-011-agenda-bis-300x225.jpg 300w, https:\/\/www.abbaye-de-leffe.be\/fr\/wp-content\/uploads\/2025\/04\/0.-Acceuil-011-agenda-bis-1024x768.jpg 1024w, https:\/\/www.abbaye-de-leffe.be\/fr\/wp-content\/uploads\/2025\/04\/0.-Acceuil-011-agenda-bis-2000x1500.jpg 2000w\" sizes=\"auto, (max-width: 2048px) 100vw, 2048px\" \/><\/a><\/figure>\n<\/div>\n\n\n\n<div class=\"wp-block-column is-vertically-aligned-center is-layout-flow wp-block-column-is-layout-flow\" style=\"flex-basis:66.7%\">\n<h2 class=\"wp-block-heading has-secondary-color has-text-color has-link-color wp-elements-cf2f21130cf9036ad85ef17e711b1b8d\" style=\"font-style:normal;font-weight:400\">agenda<\/h2>\n\n\n\n<p class=\"has-text-color has-link-color wp-elements-81d90e2fd66d14c9a7802367fecf812e\" style=\"color:#003366\">Simple comme bonjour : tous les \u00e9v\u00e9nements et activit\u00e9s de l&#8217;abbaye en un coup d&#8217;\u0153il.<\/p>\n\n\n\n<div class=\"wp-block-buttons is-horizontal is-content-justification-left is-layout-flex wp-container-core-buttons-is-layout-20be11b6 wp-block-buttons-is-layout-flex\">\n<div class=\"wp-block-button is-style-outline is-style-outline--6\"><a class=\"wp-block-button__link has-secondary-color has-text-color has-link-color wp-element-button\" href=\"http:\/\/abbaye-de-leffe.be\/fr\/agenda\/\">EN SAVOIR PLUS<\/a><\/div>\n<\/div>\n<\/div>\n<\/div>\n<\/div>\n<\/div><\/div>\n\n\n\n<div style=\"height:20px\" aria-hidden=\"true\" class=\"wp-block-spacer\"><\/div>\n\n\n\n<figure class=\"wp-block-image aligncenter size-medium\"><img loading=\"lazy\" decoding=\"async\" width=\"300\" height=\"103\" src=\"https:\/\/www.abbaye-de-leffe.be\/fr\/wp-content\/uploads\/2025\/04\/0.-Franse-lelie-tussenvoegsel-300x103.png\" alt=\"\" class=\"wp-image-3768\" srcset=\"https:\/\/www.abbaye-de-leffe.be\/fr\/wp-content\/uploads\/2025\/04\/0.-Franse-lelie-tussenvoegsel-300x103.png 300w, https:\/\/www.abbaye-de-leffe.be\/fr\/wp-content\/uploads\/2025\/04\/0.-Franse-lelie-tussenvoegsel-1024x350.png 1024w, https:\/\/www.abbaye-de-leffe.be\/fr\/wp-content\/uploads\/2025\/04\/0.-Franse-lelie-tussenvoegsel.png 1900w\" sizes=\"auto, (max-width: 300px) 100vw, 300px\" \/><\/figure>\n\n\n\n<div style=\"height:20px\" aria-hidden=\"true\" class=\"wp-block-spacer\"><\/div>\n\n\n\n<div class=\"wp-block-eds-animate-it-block eds-animate-block-save\"><div class=\"eds-animate animated edsanimate-sis-hidden  \" data-eds-entry-animation=\"fadeInUp\" data-eds-entry-delay=\"0\" data-eds-entry-duration=\"1.5\" data-eds-entry-timing=\"linear\" data-eds-exit-animation=\"\" data-eds-exit-delay=\"0\" data-eds-exit-duration=\"0.5\" data-eds-exit-timing=\"linear\" data-eds-repeat-count=\"1\" data-eds-keep=\"yes\" data-eds-animate-on=\"scroll\" data-eds-scroll-offset=\"20\">\n<div class=\"wp-block-group alignfull has-background has-global-padding is-layout-constrained wp-block-group-is-layout-constrained\" style=\"border-radius:10px;background-color:#e5e9ec;padding-top:var(--wp--preset--spacing--small);padding-bottom:var(--wp--preset--spacing--small)\">\n<div class=\"wp-block-columns is-layout-flex wp-container-core-columns-is-layout-7db7aa3e wp-block-columns-is-layout-flex\" style=\"padding-right:0;padding-left:0\">\n<div class=\"wp-block-column is-vertically-aligned-center is-layout-flow wp-block-column-is-layout-flow\" style=\"flex-basis:55%\">\n<h2 class=\"wp-block-heading has-secondary-color has-text-color has-link-color wp-elements-511f7f27e863577688f4dce8781ccfc8\" style=\"font-style:normal;font-weight:400\">contact<\/h2>\n\n\n\n<p class=\"has-text-color has-link-color wp-elements-41bba1bad37613f22939ec48ca85cf1d\" style=\"color:#003366\">Questions? Besoin d&#8217;informations? Contactez-nous.<\/p>\n\n\n\n<div class=\"wp-block-buttons is-horizontal is-content-justification-left is-layout-flex wp-container-core-buttons-is-layout-20be11b6 wp-block-buttons-is-layout-flex\">\n<div class=\"wp-block-button is-style-outline is-style-outline--7\"><a class=\"wp-block-button__link has-secondary-color has-text-color has-link-color wp-element-button\" href=\"http:\/\/abbaye-de-leffe.be\/fr\/contact\/\">EN SAVOIR PLUS<\/a><\/div>\n<\/div>\n<\/div>\n\n\n\n<div class=\"wp-block-column is-layout-flow wp-block-column-is-layout-flow\" style=\"flex-basis:45%\">\n<figure class=\"wp-block-image alignfull size-large has-custom-border\"><a href=\"https:\/\/www.abbaye-de-leffe.be\/fr\/contact\/\"><img loading=\"lazy\" decoding=\"async\" width=\"1024\" height=\"689\" src=\"https:\/\/www.abbaye-de-leffe.be\/fr\/wp-content\/uploads\/2025\/04\/0.-Acceuil-012-contact-1024x689.jpg\" alt=\"\" class=\"has-border-color wp-image-3544\" style=\"border-color:#a48d0d;border-radius:10px\" srcset=\"https:\/\/www.abbaye-de-leffe.be\/fr\/wp-content\/uploads\/2025\/04\/0.-Acceuil-012-contact-1024x689.jpg 1024w, https:\/\/www.abbaye-de-leffe.be\/fr\/wp-content\/uploads\/2025\/04\/0.-Acceuil-012-contact-300x202.jpg 300w, https:\/\/www.abbaye-de-leffe.be\/fr\/wp-content\/uploads\/2025\/04\/0.-Acceuil-012-contact.jpg 1284w\" sizes=\"auto, (max-width: 1024px) 100vw, 1024px\" \/><\/a><\/figure>\n<\/div>\n<\/div>\n<\/div>\n<\/div><\/div>\n<\/div><\/div>\n\n\n\n<div class=\"wp-block-cover is-light\"><span aria-hidden=\"true\" class=\"wp-block-cover__background has-secondary-background-color has-background-dim-10 has-background-dim\"><\/span><div class=\"wp-block-cover__inner-container has-global-padding is-layout-constrained wp-block-cover-is-layout-constrained\">\n<figure class=\"wp-block-image aligncenter size-large is-resized\"><img loading=\"lazy\" decoding=\"async\" width=\"1024\" height=\"241\" src=\"https:\/\/www.abbaye-de-leffe.be\/fr\/wp-content\/uploads\/2025\/04\/Logo-sans-coordinates-lOr-1024x241.png\" alt=\"\" class=\"wp-image-5249\" style=\"width:900px\" srcset=\"https:\/\/www.abbaye-de-leffe.be\/fr\/wp-content\/uploads\/2025\/04\/Logo-sans-coordinates-lOr-1024x241.png 1024w, https:\/\/www.abbaye-de-leffe.be\/fr\/wp-content\/uploads\/2025\/04\/Logo-sans-coordinates-lOr-300x71.png 300w, https:\/\/www.abbaye-de-leffe.be\/fr\/wp-content\/uploads\/2025\/04\/Logo-sans-coordinates-lOr-2000x471.png 2000w\" sizes=\"auto, (max-width: 1024px) 100vw, 1024px\" \/><\/figure>\n\n\n\n<div style=\"height:5px\" aria-hidden=\"true\" class=\"wp-block-spacer\"><\/div>\n\n\n\n<div class=\"wp-block-columns alignwide is-layout-flex wp-container-core-columns-is-layout-28f84493 wp-block-columns-is-layout-flex\">\n<div class=\"wp-block-column is-layout-flow wp-block-column-is-layout-flow\" style=\"flex-basis:25%\">\n<h3 class=\"wp-block-heading has-secondary-color has-text-color has-link-color wp-elements-16b2116993199a46a0652f2314ee5ff7\" style=\"font-style:normal;font-weight:300\">Nos coordonn\u00e9es<\/h3>\n\n\n\n<p class=\"has-text-color has-link-color wp-elements-b905c75ab4026e6df274a52df127dae9\" style=\"color:#003366\">Place de l&#8217;Abbaye 1<br>5500 Dinant (Belgique)<\/p>\n\n\n\n<p class=\"has-text-color has-link-color wp-elements-9164414c2b6184123c86e3e15cf5d3ea\" style=\"color:#003366\">T\u00e9l. +32 (0)82 22 23 77<br><a href=\"mailto:secretariat@abbaye-de-leffe.be\">Nous \u00e9crire par email<\/a><\/p>\n\n\n\n<div class=\"wp-block-columns is-layout-flex wp-container-core-columns-is-layout-28f84493 wp-block-columns-is-layout-flex\">\n<div class=\"wp-block-column is-layout-flow wp-block-column-is-layout-flow\" style=\"flex-basis:50px\">\n<figure class=\"wp-block-image size-full is-resized\"><a href=\"https:\/\/www.abbaye-de-leffe.be\/nl\/\" target=\"_blank\" rel=\" noreferrer noopener\"><img loading=\"lazy\" decoding=\"async\" width=\"1000\" height=\"600\" src=\"https:\/\/www.abbaye-de-leffe.be\/en\/wp-content\/uploads\/2025\/04\/0.-Neerlandais-1.jpg\" alt=\"\" class=\"wp-image-4131\" style=\"width:40px\" srcset=\"https:\/\/www.abbaye-de-leffe.be\/fr\/wp-content\/uploads\/2025\/04\/0.-Neerlandais-1.jpg 1000w, https:\/\/www.abbaye-de-leffe.be\/fr\/wp-content\/uploads\/2025\/04\/0.-Neerlandais-1-300x180.jpg 300w\" sizes=\"auto, (max-width: 1000px) 100vw, 1000px\" \/><\/a><\/figure>\n<\/div>\n\n\n\n<div class=\"wp-block-column is-layout-flow wp-block-column-is-layout-flow\" style=\"flex-basis:50px\">\n<figure class=\"wp-block-image size-full is-resized\"><a href=\"https:\/\/www.abbaye-de-leffe.be\/en\/\" target=\"_blank\" rel=\" noreferrer noopener\"><img loading=\"lazy\" decoding=\"async\" width=\"1000\" height=\"600\" src=\"https:\/\/www.abbaye-de-leffe.be\/fr\/wp-content\/uploads\/2025\/04\/0.-Anglais-1.jpg\" alt=\"\" class=\"wp-image-4130\" style=\"width:40px\" srcset=\"https:\/\/www.abbaye-de-leffe.be\/fr\/wp-content\/uploads\/2025\/04\/0.-Anglais-1.jpg 1000w, https:\/\/www.abbaye-de-leffe.be\/fr\/wp-content\/uploads\/2025\/04\/0.-Anglais-1-300x180.jpg 300w\" sizes=\"auto, (max-width: 1000px) 100vw, 1000px\" \/><\/a><\/figure>\n<\/div>\n<\/div>\n<\/div>\n\n\n\n<div class=\"wp-block-column is-layout-flow wp-block-column-is-layout-flow\" style=\"flex-basis:60%\">\n<div class=\"wp-block-group has-global-padding is-layout-constrained wp-block-group-is-layout-constrained\">\n<h3 class=\"wp-block-heading has-text-align-left has-secondary-color has-text-color has-link-color wp-elements-a387551243dab83fa1a01a9e42a1af30\" style=\"font-style:normal;font-weight:300\">Horaires des offices<\/h3>\n\n\n\n<div class=\"wp-block-columns has-text-color has-link-color wp-elements-02c67523e7f405847985201c1f1b15b0 is-layout-flex wp-container-core-columns-is-layout-28f84493 wp-block-columns-is-layout-flex\" style=\"color:#003366\">\n<div class=\"wp-block-column is-layout-flow wp-block-column-is-layout-flow\">\n<p><strong>Semaine<\/strong><br>7h00 Lectures et Laudes<br><em>(lundi et samedi 7h30)<\/em><br>11h00 Messe<br>18h00 Adoration<br>18h30 V\u00eapres<br>20h30 Complies <em>(sauf lundi)<\/em><\/p>\n<\/div>\n\n\n\n<div class=\"wp-block-column is-layout-flow wp-block-column-is-layout-flow\">\n<p><strong>Dimanche et solennit\u00e9s<\/strong><br>7h30 Lectures et Laudes<br><br>10h30 Messe<br>18h00 Adoration<br>18h30 V\u00eapres<br>20h30 Complies<br><\/p>\n<\/div>\n<\/div>\n<\/div>\n<\/div>\n\n\n\n<div class=\"wp-block-column is-layout-flow wp-block-column-is-layout-flow\" style=\"flex-basis:15%\">\n<div style=\"height:30px\" aria-hidden=\"true\" class=\"wp-block-spacer\"><\/div>\n\n\n\n<div class=\"wp-block-group is-nowrap is-layout-flex wp-container-core-group-is-layout-6c531013 wp-block-group-is-layout-flex\">\n<figure class=\"wp-block-image size-full is-resized has-custom-border\"><a href=\"https:\/\/www.facebook.com\/profile.php?id=100071014533088\" target=\"_blank\" rel=\" noreferrer noopener\"><img loading=\"lazy\" decoding=\"async\" width=\"204\" height=\"204\" src=\"http:\/\/abbaye-de-leffe.be\/fr\/wp-content\/uploads\/2024\/04\/Facebook-1.jpg\" alt=\"\" class=\"wp-image-1981\" style=\"border-radius:10px;width:auto;height:50px\" srcset=\"https:\/\/www.abbaye-de-leffe.be\/fr\/wp-content\/uploads\/2024\/04\/Facebook-1.jpg 204w, https:\/\/www.abbaye-de-leffe.be\/fr\/wp-content\/uploads\/2024\/04\/Facebook-1-150x150.jpg 150w\" sizes=\"auto, (max-width: 204px) 100vw, 204px\" \/><\/a><\/figure>\n\n\n\n<figure class=\"wp-block-image size-full is-resized has-custom-border\"><a href=\"https:\/\/www.instagram.com\/abbayedeleffe\/\" target=\"_blank\" rel=\" noreferrer noopener\"><img loading=\"lazy\" decoding=\"async\" width=\"205\" height=\"205\" src=\"http:\/\/abbaye-de-leffe.be\/fr\/wp-content\/uploads\/2024\/04\/instagram-icoon-groot.jpg\" alt=\"\" class=\"wp-image-1980\" style=\"border-radius:10px;width:auto;height:50px\" srcset=\"https:\/\/www.abbaye-de-leffe.be\/fr\/wp-content\/uploads\/2024\/04\/instagram-icoon-groot.jpg 205w, https:\/\/www.abbaye-de-leffe.be\/fr\/wp-content\/uploads\/2024\/04\/instagram-icoon-groot-150x150.jpg 150w\" sizes=\"auto, (max-width: 205px) 100vw, 205px\" \/><\/a><\/figure>\n<\/div>\n\n\n\n<iframe src=\"https:\/\/www.google.com\/maps\/embed?pb=!1m18!1m12!1m3!1d2550.2340198374195!2d4.907499999999999!3d50.2688889!2m3!1f0!2f0!3f0!3m2!1i1024!2i768!4f13.1!3m3!1m2!1s0x47c195617538d997%3A0xe4df80040d1a31fb!2sAbbaye%20Notre-Dame%20de%20Leffe!5e0!3m2!1sfr!2sbe!4v1744703530679!5m2!1sfr!2sbe\" width=\"600\" height=\"450\" style=\"border:0;\" allowfullscreen=\"\" loading=\"lazy\" referrerpolicy=\"no-referrer-when-downgrade\"><\/iframe>\n<\/div>\n<\/div>\n<\/div><\/div>\n","protected":false},"excerpt":{"rendered":"","protected":false},"author":1,"featured_media":0,"parent":0,"menu_order":0,"comment_status":"closed","ping_status":"closed","template":"page-templates\/full-width-transparent.php","meta":{"footnotes":""},"class_list":["post-40","page","type-page","status-publish","hentry"],"jetpack_sharing_enabled":true,"_links":{"self":[{"href":"https:\/\/www.abbaye-de-leffe.be\/fr\/wp-json\/wp\/v2\/pages\/40","targetHints":{"allow":["GET"]}}],"collection":[{"href":"https:\/\/www.abbaye-de-leffe.be\/fr\/wp-json\/wp\/v2\/pages"}],"about":[{"href":"https:\/\/www.abbaye-de-leffe.be\/fr\/wp-json\/wp\/v2\/types\/page"}],"author":[{"embeddable":true,"href":"https:\/\/www.abbaye-de-leffe.be\/fr\/wp-json\/wp\/v2\/users\/1"}],"replies":[{"embeddable":true,"href":"https:\/\/www.abbaye-de-leffe.be\/fr\/wp-json\/wp\/v2\/comments?post=40"}],"version-history":[{"count":770,"href":"https:\/\/www.abbaye-de-leffe.be\/fr\/wp-json\/wp\/v2\/pages\/40\/revisions"}],"predecessor-version":[{"id":6297,"href":"https:\/\/www.abbaye-de-leffe.be\/fr\/wp-json\/wp\/v2\/pages\/40\/revisions\/6297"}],"wp:attachment":[{"href":"https:\/\/www.abbaye-de-leffe.be\/fr\/wp-json\/wp\/v2\/media?parent=40"}],"curies":[{"name":"wp","href":"https:\/\/api.w.org\/{rel}","templated":true}]}}