{"id":42,"date":"2024-03-03T10:24:47","date_gmt":"2024-03-03T10:24:47","guid":{"rendered":"http:\/\/abbayedeleffe.spinternet.be\/fr\/?page_id=42"},"modified":"2026-03-26T14:02:56","modified_gmt":"2026-03-26T14:02:56","slug":"life","status":"publish","type":"page","link":"https:\/\/www.abbaye-de-leffe.be\/en\/life\/","title":{"rendered":"2. life in the abbey"},"content":{"rendered":"\n<div class=\"wp-block-cover alignfull has-custom-content-position is-position-top-center\" style=\"min-height:50px;aspect-ratio:unset;\"><img decoding=\"async\" class=\"wp-block-cover__image-background wp-image-5722 size-large\" alt=\"\" src=\"https:\/\/www.abbaye-de-leffe.be\/fr\/wp-content\/uploads\/2025\/10\/balk-dor-1024x82.jpg\" data-object-fit=\"cover\"\/><span aria-hidden=\"true\" class=\"wp-block-cover__background has-background-dim-100 has-background-dim\" style=\"background-color:#132740\"><\/span><div class=\"wp-block-cover__inner-container is-layout-flow wp-block-cover-is-layout-flow\">\n<p class=\"has-text-align-center has-large-font-size\"><\/p>\n<\/div><\/div>\n\n\n\n<div class=\"wp-block-cover alignfull is-light has-custom-content-position is-position-top-center\" style=\"min-height:600px;aspect-ratio:unset;\"><img loading=\"lazy\" decoding=\"async\" width=\"1024\" height=\"473\" class=\"wp-block-cover__image-background wp-image-4785 size-large\" alt=\"\" src=\"https:\/\/www.abbaye-de-leffe.be\/fr\/wp-content\/uploads\/2025\/06\/20250624_141604-1024x473.jpg\" data-object-fit=\"cover\" srcset=\"https:\/\/www.abbaye-de-leffe.be\/en\/wp-content\/uploads\/2025\/06\/20250624_141604-1024x473.jpg 1024w, https:\/\/www.abbaye-de-leffe.be\/en\/wp-content\/uploads\/2025\/06\/20250624_141604-300x139.jpg 300w, https:\/\/www.abbaye-de-leffe.be\/en\/wp-content\/uploads\/2025\/06\/20250624_141604-2000x924.jpg 2000w\" sizes=\"auto, (max-width: 1024px) 100vw, 1024px\" \/><span aria-hidden=\"true\" class=\"wp-block-cover__background has-background-dim-0 has-background-dim\" style=\"background-color:#8b8d8a\"><\/span><div class=\"wp-block-cover__inner-container has-global-padding is-layout-constrained wp-block-cover-is-layout-constrained\">\n<figure class=\"wp-block-image size-thumbnail is-resized\"><a href=\"https:\/\/www.abbaye-de-leffe.be\/en\/\"><img loading=\"lazy\" decoding=\"async\" width=\"150\" height=\"150\" src=\"https:\/\/www.abbaye-de-leffe.be\/fr\/wp-content\/uploads\/2025\/06\/0.-Acceuil-002-Amoiries-abbaye-150x150.png\" alt=\"\" class=\"wp-image-4326\" style=\"width:auto;height:150px\"\/><\/a><\/figure>\n<\/div><\/div>\n\n\n\n<div class=\"wp-block-cover alignwide is-light has-custom-content-position is-position-top-center\"><span aria-hidden=\"true\" class=\"wp-block-cover__background has-secondary-background-color has-background-dim-10 has-background-dim\"><\/span><div class=\"wp-block-cover__inner-container has-global-padding is-layout-constrained wp-block-cover-is-layout-constrained\">\n<div class=\"wp-block-group has-global-padding is-layout-constrained wp-block-group-is-layout-constrained\">\n<p class=\"has-text-align-left has-secondary-color has-text-color has-link-color has-large-font-size wp-elements-c0f057b2c379134ea8bba3a1967c9a30\">life in the abbey<\/p>\n\n\n\n<div style=\"height:25px\" aria-hidden=\"true\" class=\"wp-block-spacer\"><\/div>\n\n\n\n<div class=\"wp-block-eds-animate-it-block eds-animate-block-save\"><div class=\"eds-animate animated edsanimate-sis-hidden  \" data-eds-entry-animation=\"fadeIn\" data-eds-entry-delay=\"0\" data-eds-entry-duration=\"1.5\" data-eds-entry-timing=\"linear\" data-eds-exit-animation=\"\" data-eds-exit-delay=\"0\" data-eds-exit-duration=\"0.5\" data-eds-exit-timing=\"linear\" data-eds-repeat-count=\"1\" data-eds-keep=\"yes\" data-eds-animate-on=\"scroll\" data-eds-scroll-offset=\"20\">\n<div class=\"wp-block-columns alignfull is-layout-flex wp-container-core-columns-is-layout-7db7aa3e wp-block-columns-is-layout-flex\" style=\"padding-right:0;padding-left:0\">\n<div class=\"wp-block-column is-vertically-aligned-center is-layout-flow wp-block-column-is-layout-flow\" style=\"flex-basis:45%\">\n<h2 class=\"wp-block-heading has-secondary-color has-text-color has-link-color wp-elements-13952889bfe24d6345cc7dae288d0910\" style=\"font-style:normal;font-weight:400\">la communaut\u00e9<\/h2>\n\n\n\n<p class=\"has-text-color has-link-color wp-elements-bd57a504beea5925d6066ec8260433d3\" style=\"color:#003366\">Qui sont les Pr\u00e9montr\u00e9s de Leffe ? Rencontrez-les.<\/p>\n\n\n\n<div class=\"wp-block-buttons is-horizontal is-content-justification-left is-layout-flex wp-container-core-buttons-is-layout-20be11b6 wp-block-buttons-is-layout-flex\">\n<div class=\"wp-block-button is-style-outline is-style-outline--1\"><a class=\"wp-block-button__link has-secondary-color has-text-color has-link-color wp-element-button\" href=\"http:\/\/abbaye-de-leffe.be\/fr\/communaute\/\">EN SAVOIR PLUS<\/a><\/div>\n<\/div>\n<\/div>\n\n\n\n<div class=\"wp-block-column is-vertically-aligned-top is-layout-flow wp-block-column-is-layout-flow\" style=\"flex-basis:55%\">\n<figure class=\"wp-block-image size-full has-custom-border\"><img loading=\"lazy\" decoding=\"async\" width=\"960\" height=\"610\" src=\"https:\/\/www.abbaye-de-leffe.be\/fr\/wp-content\/uploads\/2025\/04\/2.-vivre-a-labbaye-002-Abbaye-de-Leffe-Norbert.jpg\" alt=\"\" class=\"has-border-color wp-image-3660\" style=\"border-color:#a48d0d;border-radius:10px\" srcset=\"https:\/\/www.abbaye-de-leffe.be\/en\/wp-content\/uploads\/2025\/04\/2.-vivre-a-labbaye-002-Abbaye-de-Leffe-Norbert.jpg 960w, https:\/\/www.abbaye-de-leffe.be\/en\/wp-content\/uploads\/2025\/04\/2.-vivre-a-labbaye-002-Abbaye-de-Leffe-Norbert-300x191.jpg 300w\" sizes=\"auto, (max-width: 960px) 100vw, 960px\" \/><figcaption class=\"wp-element-caption\"><mark style=\"background-color:rgba(0, 0, 0, 0)\" class=\"has-inline-color has-secondary-color\">Saint Norbert &#8211; Abbaye de Leffe<\/mark><\/figcaption><\/figure>\n<\/div>\n<\/div>\n<\/div><\/div>\n\n\n\n<div style=\"height:25px\" aria-hidden=\"true\" class=\"wp-block-spacer\"><\/div>\n\n\n\n<figure class=\"wp-block-image aligncenter size-medium\"><img loading=\"lazy\" decoding=\"async\" width=\"300\" height=\"103\" src=\"https:\/\/www.abbaye-de-leffe.be\/fr\/wp-content\/uploads\/2025\/04\/0.-Franse-lelie-tussenvoegsel-300x103.png\" alt=\"\" class=\"wp-image-3768\" srcset=\"https:\/\/www.abbaye-de-leffe.be\/en\/wp-content\/uploads\/2025\/04\/0.-Franse-lelie-tussenvoegsel-300x103.png 300w, https:\/\/www.abbaye-de-leffe.be\/en\/wp-content\/uploads\/2025\/04\/0.-Franse-lelie-tussenvoegsel-1024x350.png 1024w, https:\/\/www.abbaye-de-leffe.be\/en\/wp-content\/uploads\/2025\/04\/0.-Franse-lelie-tussenvoegsel.png 1900w\" sizes=\"auto, (max-width: 300px) 100vw, 300px\" \/><\/figure>\n\n\n\n<div style=\"height:25px\" aria-hidden=\"true\" class=\"wp-block-spacer\"><\/div>\n\n\n\n<div class=\"wp-block-eds-animate-it-block eds-animate-block-save\"><div class=\"eds-animate animated edsanimate-sis-hidden  \" data-eds-entry-animation=\"fadeIn\" data-eds-entry-delay=\"0\" data-eds-entry-duration=\"1.5\" data-eds-entry-timing=\"linear\" data-eds-exit-animation=\"\" data-eds-exit-delay=\"0\" data-eds-exit-duration=\"0.5\" data-eds-exit-timing=\"linear\" data-eds-repeat-count=\"1\" data-eds-keep=\"yes\" data-eds-animate-on=\"scroll\" data-eds-scroll-offset=\"20\">\n<div class=\"wp-block-group alignfull has-background has-global-padding is-layout-constrained wp-block-group-is-layout-constrained\" style=\"border-radius:10px;background-color:#e5e9ec;padding-top:var(--wp--preset--spacing--small);padding-bottom:var(--wp--preset--spacing--small)\">\n<div class=\"wp-block-columns is-layout-flex wp-container-core-columns-is-layout-7db7aa3e wp-block-columns-is-layout-flex\" style=\"padding-right:0;padding-left:0\">\n<div class=\"wp-block-column is-layout-flow wp-block-column-is-layout-flow\" style=\"flex-basis:40%\">\n<figure class=\"wp-block-image aligncenter size-medium\"><img loading=\"lazy\" decoding=\"async\" width=\"250\" height=\"300\" src=\"https:\/\/www.abbaye-de-leffe.be\/fr\/wp-content\/uploads\/2025\/06\/0.-Acceuil-002-Amoiries-abbaye-250x300.png\" alt=\"\" class=\"wp-image-4326\" srcset=\"https:\/\/www.abbaye-de-leffe.be\/en\/wp-content\/uploads\/2025\/06\/0.-Acceuil-002-Amoiries-abbaye-250x300.png 250w, https:\/\/www.abbaye-de-leffe.be\/en\/wp-content\/uploads\/2025\/06\/0.-Acceuil-002-Amoiries-abbaye-853x1024.png 853w, https:\/\/www.abbaye-de-leffe.be\/en\/wp-content\/uploads\/2025\/06\/0.-Acceuil-002-Amoiries-abbaye.png 1181w\" sizes=\"auto, (max-width: 250px) 100vw, 250px\" \/><\/figure>\n<\/div>\n\n\n\n<div class=\"wp-block-column is-vertically-aligned-center is-layout-flow wp-block-column-is-layout-flow\" style=\"flex-basis:60%\">\n<h2 class=\"wp-block-heading has-secondary-color has-text-color has-link-color wp-elements-d998fbf06b74d75d5f4131e91781fcb7\" style=\"font-style:normal;font-weight:400\">le blason de l&#8217;abbaye<\/h2>\n\n\n\n<p class=\"has-text-color has-link-color wp-elements-7014770bc937355b0deabb461fd6c8ea\" style=\"color:#003366\">L\u2019abbaye de Leffe porte des armoiries \u00ab&nbsp;de gueules au dextroch\u00e8re par\u00e9 d\u2019argent, mouvant d\u2019une nu\u00e9e de m\u00eame, tenant une gerbe de bl\u00e9 d\u2019or&nbsp;\u00bb. Les couleurs principales sur le blason sont le rouge (\u2018gueules\u2019 en h\u00e9raldique), l\u2019or et l\u2019argent. Le rouge symbolise la magnanimit\u00e9, l\u2019or la dignit\u00e9 et l\u2019argent la sinc\u00e9rit\u00e9. [Dans le blason on voit mouvant d\u2019une nu\u00e9e une main droite tenant une gerbe de bl\u00e9. Il s\u2019agit d\u2019une r\u00e9f\u00e9rence \u00e0 l\u2019Exode pendant lequel le peuple juif affam\u00e9 re\u00e7oit de Dieu de la manne du ciel. La manne fait \u00e9galement r\u00e9f\u00e9rence \u00e0 l\u2019eucharistie.<\/p>\n\n\n\n<p class=\"has-text-color has-link-color wp-elements-7bef0a105ec84ae5bf760e1903dbf29e\" style=\"color:#003366\">La devise \u2018Ex opere messis\u2019 sous le blason signifie \u2018Du travail de la moisson\u2019.<\/p>\n<\/div>\n<\/div>\n<\/div>\n<\/div><\/div>\n\n\n\n<div style=\"height:100px\" aria-hidden=\"true\" class=\"wp-block-spacer\"><\/div>\n<\/div>\n<\/div><\/div>\n\n\n\n<div class=\"wp-block-cover alignwide has-parallax\" style=\"min-height:650px;aspect-ratio:unset;\"><div class=\"wp-block-cover__image-background wp-image-3663 size-large has-parallax\" style=\"background-position:50% 50%;background-image:url(https:\/\/www.abbaye-de-leffe.be\/fr\/wp-content\/uploads\/2025\/04\/2.-vivre-a-labbaye-003-vision-en-mission-834x1024.jpg)\"><\/div><span aria-hidden=\"true\" class=\"wp-block-cover__background has-black-background-color has-background-dim\"><\/span><div class=\"wp-block-cover__inner-container has-global-padding is-layout-constrained wp-block-cover-is-layout-constrained\">\n<div class=\"wp-block-group has-global-padding is-layout-constrained wp-container-core-group-is-layout-4383d167 wp-block-group-is-layout-constrained\">\n<p class=\"has-secondary-color has-text-color has-large-font-size\" style=\"margin-top:0;margin-bottom:0;padding-top:0;padding-right:0;padding-bottom:0;padding-left:0;text-transform:uppercase\">vision et misSion<\/p>\n\n\n\n<p>Saisis par la mis\u00e9ricorde du Dieu Trinit\u00e9 nous sommes appel\u00e9s, comme baptis\u00e9s, \u00e0 suivre le Christ pauvre et resuscit\u00e9, par un mode de vie apostolique et radical selon l\u2019\u00c9vangile, la R\u00e8gle de Saint Augustin et le charisme de Saint Norbert, fondateur de notre Ordre de Pr\u00e9montr\u00e9. Notre mani\u00e8re de vivre est la suivante:<\/p>\n\n\n\n<div class=\"wp-block-columns is-layout-flex wp-container-core-columns-is-layout-28f84493 wp-block-columns-is-layout-flex\">\n<div class=\"wp-block-column is-vertically-aligned-center is-layout-flow wp-block-column-is-layout-flow\" style=\"flex-basis:15%\">\n<figure class=\"wp-block-image size-large\"><img decoding=\"async\" src=\"https:\/\/www.abbaye-de-leffe.be\/fr\/wp-content\/uploads\/2024\/03\/Franse-lelie-tussenvoegsel-1024x350.png\" alt=\"\" class=\"wp-image-797\"\/><\/figure>\n<\/div>\n\n\n\n<div class=\"wp-block-column is-layout-flow wp-block-column-is-layout-flow\" style=\"flex-basis:85%\">\n<p>une qu\u00eate de Dieu \u00e0 travers une communaut\u00e9 fraternelle, pour la vie enti\u00e8re;<\/p>\n\n\n\n<p>une qu\u00eate de Dieu \u00e0 travers une communaut\u00e9 fraternelle, pour la vie enti\u00e8re;<\/p>\n\n\n\n<p>une conversion chaque instant, \u00e0 travers le don de nous-m\u00eames \u00e0 l\u2019\u00e9glise de notre profession, en communion avec la propre offrande du Christ;<\/p>\n\n\n\n<p>la m\u00e9ditation constante de la parole de Dieu, \u00e0 l\u2019imitation de la Vierge Marie;<\/p>\n\n\n\n<p>une vie intense de pri\u00e8re et de service de l\u2019autel.<\/p>\n<\/div>\n<\/div>\n\n\n\n<p>A partir du ch\u0153ur et de l\u2019autel, nous allons servir la famille humaine dans un esprit de simplicit\u00e9, d\u2019hospitalit\u00e9, de r\u00e9conciliation et de paix pour le bien de l\u2019Eglise et du monde, avec une attention sp\u00e9ciale au Christ dans les pauvres, les souffrants et ceux qui ne Le connaissent pas.<\/p>\n\n\n\n<p>Nous prions pour que l\u2019\u0153uvre commenc\u00e9e en nous par l\u2019Esprit de Dieu soit conduite \u00e0 son terme au jour de J\u00e9sus Christ.<\/p>\n\n\n\n<div style=\"height:31px\" aria-hidden=\"true\" class=\"wp-block-spacer\"><\/div>\n<\/div>\n<\/div><\/div>\n\n\n\n<div class=\"wp-block-cover alignwide is-light has-custom-content-position is-position-top-center\"><span aria-hidden=\"true\" class=\"wp-block-cover__background has-secondary-background-color has-background-dim-10 has-background-dim\"><\/span><div class=\"wp-block-cover__inner-container has-global-padding is-layout-constrained wp-block-cover-is-layout-constrained\">\n<div class=\"wp-block-group has-global-padding is-layout-constrained wp-block-group-is-layout-constrained\">\n<div style=\"height:25px\" aria-hidden=\"true\" class=\"wp-block-spacer\"><\/div>\n\n\n\n<div class=\"wp-block-eds-animate-it-block eds-animate-block-save\"><div class=\"eds-animate animated edsanimate-sis-hidden  \" data-eds-entry-animation=\"fadeIn\" data-eds-entry-delay=\"0\" data-eds-entry-duration=\"1.5\" data-eds-entry-timing=\"linear\" data-eds-exit-animation=\"\" data-eds-exit-delay=\"0\" data-eds-exit-duration=\"0.5\" data-eds-exit-timing=\"linear\" data-eds-repeat-count=\"1\" data-eds-keep=\"yes\" data-eds-animate-on=\"scroll\" data-eds-scroll-offset=\"20\">\n<div class=\"wp-block-columns alignfull is-layout-flex wp-container-core-columns-is-layout-7db7aa3e wp-block-columns-is-layout-flex\" style=\"padding-right:0;padding-left:0\">\n<div class=\"wp-block-column is-vertically-aligned-center is-layout-flow wp-block-column-is-layout-flow\" style=\"flex-basis:60%\">\n<h2 class=\"wp-block-heading has-secondary-color has-text-color has-link-color wp-elements-248ee1622f0fd1ba4ca05ef9179456d7\" style=\"font-style:normal;font-weight:400\">trombinoscope<\/h2>\n\n\n\n<p class=\"has-text-color has-link-color wp-elements-bd57a504beea5925d6066ec8260433d3\" style=\"color:#003366\">Qui sont les Pr\u00e9montr\u00e9s de Leffe ? Rencontrez-les.<\/p>\n\n\n\n<div class=\"wp-block-buttons is-horizontal is-content-justification-left is-layout-flex wp-container-core-buttons-is-layout-20be11b6 wp-block-buttons-is-layout-flex\">\n<div class=\"wp-block-button is-style-outline is-style-outline--2\"><a class=\"wp-block-button__link has-secondary-color has-text-color has-link-color wp-element-button\" href=\"https:\/\/www.abbaye-de-leffe.be\/fr\/trombinoscope\/\">EN SAVOIR PLUS<\/a><\/div>\n<\/div>\n<\/div>\n\n\n\n<div class=\"wp-block-column is-layout-flow wp-block-column-is-layout-flow\" style=\"flex-basis:40%\">\n<figure class=\"wp-block-image size-full has-custom-border\"><img loading=\"lazy\" decoding=\"async\" width=\"1920\" height=\"2560\" src=\"https:\/\/www.abbaye-de-leffe.be\/fr\/wp-content\/uploads\/2025\/04\/2.-vivre-a-labbaye-004-trombinoscope.jpg\" alt=\"\" class=\"has-border-color wp-image-3665\" style=\"border-color:#a48d0d;border-radius:10px\" srcset=\"https:\/\/www.abbaye-de-leffe.be\/en\/wp-content\/uploads\/2025\/04\/2.-vivre-a-labbaye-004-trombinoscope.jpg 1920w, https:\/\/www.abbaye-de-leffe.be\/en\/wp-content\/uploads\/2025\/04\/2.-vivre-a-labbaye-004-trombinoscope-225x300.jpg 225w, https:\/\/www.abbaye-de-leffe.be\/en\/wp-content\/uploads\/2025\/04\/2.-vivre-a-labbaye-004-trombinoscope-768x1024.jpg 768w\" sizes=\"auto, (max-width: 1920px) 100vw, 1920px\" \/><\/figure>\n<\/div>\n<\/div>\n<\/div><\/div>\n\n\n\n<div style=\"height:25px\" aria-hidden=\"true\" class=\"wp-block-spacer\"><\/div>\n\n\n\n<figure class=\"wp-block-image aligncenter size-medium\"><img loading=\"lazy\" decoding=\"async\" width=\"300\" height=\"103\" src=\"https:\/\/www.abbaye-de-leffe.be\/fr\/wp-content\/uploads\/2025\/04\/0.-Franse-lelie-tussenvoegsel-300x103.png\" alt=\"\" class=\"wp-image-3768\" srcset=\"https:\/\/www.abbaye-de-leffe.be\/en\/wp-content\/uploads\/2025\/04\/0.-Franse-lelie-tussenvoegsel-300x103.png 300w, https:\/\/www.abbaye-de-leffe.be\/en\/wp-content\/uploads\/2025\/04\/0.-Franse-lelie-tussenvoegsel-1024x350.png 1024w, https:\/\/www.abbaye-de-leffe.be\/en\/wp-content\/uploads\/2025\/04\/0.-Franse-lelie-tussenvoegsel.png 1900w\" sizes=\"auto, (max-width: 300px) 100vw, 300px\" \/><\/figure>\n\n\n\n<div style=\"height:25px\" aria-hidden=\"true\" class=\"wp-block-spacer\"><\/div>\n\n\n\n<div class=\"wp-block-eds-animate-it-block eds-animate-block-save\"><div class=\"eds-animate animated edsanimate-sis-hidden  \" data-eds-entry-animation=\"fadeIn\" data-eds-entry-delay=\"0\" data-eds-entry-duration=\"1.5\" data-eds-entry-timing=\"linear\" data-eds-exit-animation=\"\" data-eds-exit-delay=\"0\" data-eds-exit-duration=\"0.5\" data-eds-exit-timing=\"linear\" data-eds-repeat-count=\"1\" data-eds-keep=\"yes\" data-eds-animate-on=\"scroll\" data-eds-scroll-offset=\"20\">\n<div class=\"wp-block-group alignfull has-background has-global-padding is-layout-constrained wp-block-group-is-layout-constrained\" style=\"border-radius:10px;background-color:#e5e9ec;padding-top:var(--wp--preset--spacing--small);padding-bottom:var(--wp--preset--spacing--small)\">\n<div class=\"wp-block-columns is-layout-flex wp-container-core-columns-is-layout-7db7aa3e wp-block-columns-is-layout-flex\" style=\"padding-right:0;padding-left:0\">\n<div class=\"wp-block-column is-layout-flow wp-block-column-is-layout-flow\" style=\"flex-basis:40%\">\n<figure class=\"wp-block-image aligncenter size-full has-custom-border\"><img loading=\"lazy\" decoding=\"async\" width=\"1024\" height=\"768\" src=\"https:\/\/www.abbaye-de-leffe.be\/fr\/wp-content\/uploads\/2025\/04\/2.-vivre-a-labbaye-005-devenir.jpg\" alt=\"\" class=\"wp-image-3667\" style=\"border-radius:10px\" srcset=\"https:\/\/www.abbaye-de-leffe.be\/en\/wp-content\/uploads\/2025\/04\/2.-vivre-a-labbaye-005-devenir.jpg 1024w, https:\/\/www.abbaye-de-leffe.be\/en\/wp-content\/uploads\/2025\/04\/2.-vivre-a-labbaye-005-devenir-300x225.jpg 300w\" sizes=\"auto, (max-width: 1024px) 100vw, 1024px\" \/><\/figure>\n<\/div>\n\n\n\n<div class=\"wp-block-column is-vertically-aligned-center is-layout-flow wp-block-column-is-layout-flow\" style=\"flex-basis:60%\">\n<h2 class=\"wp-block-heading has-secondary-color has-text-color has-link-color wp-elements-99f3a9f8674a7640049c703ee83eb20f\" style=\"font-style:normal;font-weight:400\">devenir Pr\u00e9montr\u00e9 de Leffe<\/h2>\n\n\n\n<p class=\"has-text-color has-link-color wp-elements-d2f1caa8337e838182f714e593f15a14\" style=\"color:#003366\">Es-tu attir\u00e9 par la vie des pr\u00e9montr\u00e9s ? Voudrais-tu nous rejoindre et faire partie notre communaut\u00e9 ? Tu trouveras ici les premi\u00e8res informations pratiques.<\/p>\n\n\n\n<div class=\"wp-block-buttons is-horizontal is-content-justification-left is-layout-flex wp-container-core-buttons-is-layout-20be11b6 wp-block-buttons-is-layout-flex\">\n<div class=\"wp-block-button is-style-outline is-style-outline--3\"><a class=\"wp-block-button__link has-secondary-color has-text-color has-link-color wp-element-button\" href=\"https:\/\/www.abbaye-de-leffe.be\/fr\/devenir\/\">EN SAVOIR PLUS<\/a><\/div>\n<\/div>\n<\/div>\n<\/div>\n<\/div>\n<\/div><\/div>\n\n\n\n<div style=\"height:100px\" aria-hidden=\"true\" class=\"wp-block-spacer\"><\/div>\n<\/div>\n<\/div><\/div>\n\n\n\n<div class=\"wp-block-cover is-light\"><span aria-hidden=\"true\" class=\"wp-block-cover__background has-secondary-background-color has-background-dim-10 has-background-dim\"><\/span><div class=\"wp-block-cover__inner-container has-global-padding is-layout-constrained wp-block-cover-is-layout-constrained\">\n<figure class=\"wp-block-image aligncenter size-large is-resized\"><img loading=\"lazy\" decoding=\"async\" width=\"1024\" height=\"241\" src=\"https:\/\/www.abbaye-de-leffe.be\/en\/wp-content\/uploads\/2025\/04\/Logo-sans-coordinates-lOr-HD-1024x241.png\" alt=\"\" class=\"wp-image-5001\" style=\"width:900px\" srcset=\"https:\/\/www.abbaye-de-leffe.be\/en\/wp-content\/uploads\/2025\/04\/Logo-sans-coordinates-lOr-HD-1024x241.png 1024w, https:\/\/www.abbaye-de-leffe.be\/en\/wp-content\/uploads\/2025\/04\/Logo-sans-coordinates-lOr-HD-300x71.png 300w, https:\/\/www.abbaye-de-leffe.be\/en\/wp-content\/uploads\/2025\/04\/Logo-sans-coordinates-lOr-HD-2000x471.png 2000w\" sizes=\"auto, (max-width: 1024px) 100vw, 1024px\" \/><\/figure>\n\n\n\n<div style=\"height:5px\" aria-hidden=\"true\" class=\"wp-block-spacer\"><\/div>\n\n\n\n<div class=\"wp-block-columns alignwide is-layout-flex wp-container-core-columns-is-layout-28f84493 wp-block-columns-is-layout-flex\">\n<div class=\"wp-block-column is-layout-flow wp-block-column-is-layout-flow\" style=\"flex-basis:25%\">\n<h3 class=\"wp-block-heading has-secondary-color has-text-color has-link-color wp-elements-d8f5a73b9d53cb0f48d778c8d5629317\" style=\"font-style:normal;font-weight:300\">Our coordinates<\/h3>\n\n\n\n<p class=\"has-text-color has-link-color wp-elements-b905c75ab4026e6df274a52df127dae9\" style=\"color:#003366\">Place de l&#8217;Abbaye 1<br>5500 Dinant (Belgique)<\/p>\n\n\n\n<p class=\"has-text-color has-link-color wp-elements-31e4a8b548b7c08ca927353ab03c609d\" style=\"color:#003366\">T\u00e9l. +32 (0)82 22 23 77<br><a href=\"mailto:secretariat@abbaye-de-leffe.be\">Contact us by email<\/a><\/p>\n\n\n\n<div class=\"wp-block-columns is-layout-flex wp-container-core-columns-is-layout-28f84493 wp-block-columns-is-layout-flex\">\n<div class=\"wp-block-column is-layout-flow wp-block-column-is-layout-flow\" style=\"flex-basis:50px\">\n<figure class=\"wp-block-image size-full is-resized\"><a href=\"https:\/\/www.abbaye-de-leffe.be\/fr\/\" target=\"_blank\" rel=\" noreferrer noopener\"><img decoding=\"async\" src=\"https:\/\/www.abbaye-de-leffe.be\/nl\/wp-content\/uploads\/2025\/07\/Francais.jpg\" alt=\"\" class=\"wp-image-5017\" style=\"width:40px\"\/><\/a><\/figure>\n<\/div>\n\n\n\n<div class=\"wp-block-column is-layout-flow wp-block-column-is-layout-flow\" style=\"flex-basis:50px\">\n<figure class=\"wp-block-image size-full is-resized\"><a href=\"https:\/\/www.abbaye-de-leffe.be\/nl\/\" target=\"_blank\" rel=\" noreferrer noopener\"><img loading=\"lazy\" decoding=\"async\" width=\"1000\" height=\"600\" src=\"https:\/\/www.abbaye-de-leffe.be\/en\/wp-content\/uploads\/2025\/04\/0.-Neerlandais-1.jpg\" alt=\"\" class=\"wp-image-4131\" style=\"width:40px\" srcset=\"https:\/\/www.abbaye-de-leffe.be\/en\/wp-content\/uploads\/2025\/04\/0.-Neerlandais-1.jpg 1000w, https:\/\/www.abbaye-de-leffe.be\/en\/wp-content\/uploads\/2025\/04\/0.-Neerlandais-1-300x180.jpg 300w\" sizes=\"auto, (max-width: 1000px) 100vw, 1000px\" \/><\/a><\/figure>\n<\/div>\n<\/div>\n<\/div>\n\n\n\n<div class=\"wp-block-column is-layout-flow wp-block-column-is-layout-flow\" style=\"flex-basis:60%\">\n<div class=\"wp-block-group has-global-padding is-layout-constrained wp-block-group-is-layout-constrained\">\n<h3 class=\"wp-block-heading has-text-align-left has-secondary-color has-text-color has-link-color wp-elements-d154a6ce7ac9c5d831c77c2048c34c84\" style=\"font-style:normal;font-weight:300\">Daily schedule<\/h3>\n\n\n\n<div class=\"wp-block-columns has-text-color has-link-color wp-elements-41a79a8d1ae9eaa5c4df535dab0ad189 is-layout-flex wp-container-core-columns-is-layout-28f84493 wp-block-columns-is-layout-flex\" style=\"color:#003366\">\n<div class=\"wp-block-column is-layout-flow wp-block-column-is-layout-flow\">\n<p><strong>Throughout the week<\/strong><br>7 am Matins and Lauds<br>(Mondays and Saturdays 7.30 am)<br>11 am Eucharist<br>6 pm Adoration<br>6.30 pm Vespers<br>8.30 pm Compline (not on Mondays)<\/p>\n<\/div>\n\n\n\n<div class=\"wp-block-column is-layout-flow wp-block-column-is-layout-flow\">\n<p><strong>Sundays and holidays<\/strong><br>7.30 am Matins and Lauds<br><br>10.30 am Eucharist<br>6 pm Adoration<br>6.30 pm Vespers<br>8.30 pm Compline<\/p>\n<\/div>\n<\/div>\n<\/div>\n<\/div>\n\n\n\n<div class=\"wp-block-column is-layout-flow wp-block-column-is-layout-flow\" style=\"flex-basis:15%\">\n<div style=\"height:30px\" aria-hidden=\"true\" class=\"wp-block-spacer\"><\/div>\n\n\n\n<div class=\"wp-block-group is-nowrap is-layout-flex wp-container-core-group-is-layout-6c531013 wp-block-group-is-layout-flex\">\n<figure class=\"wp-block-image size-full is-resized has-custom-border\"><a href=\"https:\/\/www.facebook.com\/profile.php?id=100071014533088\" target=\"_blank\" rel=\" noreferrer noopener\"><img loading=\"lazy\" decoding=\"async\" width=\"204\" height=\"204\" src=\"http:\/\/abbaye-de-leffe.be\/fr\/wp-content\/uploads\/2024\/04\/Facebook-1.jpg\" alt=\"\" class=\"wp-image-1981\" style=\"border-radius:10px;width:auto;height:50px\" srcset=\"https:\/\/www.abbaye-de-leffe.be\/en\/wp-content\/uploads\/2024\/04\/Facebook-1.jpg 204w, https:\/\/www.abbaye-de-leffe.be\/en\/wp-content\/uploads\/2024\/04\/Facebook-1-150x150.jpg 150w\" sizes=\"auto, (max-width: 204px) 100vw, 204px\" \/><\/a><\/figure>\n\n\n\n<figure class=\"wp-block-image size-full is-resized has-custom-border\"><a href=\"https:\/\/www.instagram.com\/abbayedeleffe\/\" target=\"_blank\" rel=\" noreferrer noopener\"><img loading=\"lazy\" decoding=\"async\" width=\"205\" height=\"205\" src=\"http:\/\/abbaye-de-leffe.be\/fr\/wp-content\/uploads\/2024\/04\/instagram-icoon-groot.jpg\" alt=\"\" class=\"wp-image-1980\" style=\"border-radius:10px;width:auto;height:50px\" srcset=\"https:\/\/www.abbaye-de-leffe.be\/en\/wp-content\/uploads\/2024\/04\/instagram-icoon-groot.jpg 205w, https:\/\/www.abbaye-de-leffe.be\/en\/wp-content\/uploads\/2024\/04\/instagram-icoon-groot-150x150.jpg 150w\" sizes=\"auto, (max-width: 205px) 100vw, 205px\" \/><\/a><\/figure>\n<\/div>\n\n\n\n<iframe src=\"https:\/\/www.google.com\/maps\/embed?pb=!1m18!1m12!1m3!1d2550.2340198374195!2d4.907499999999999!3d50.2688889!2m3!1f0!2f0!3f0!3m2!1i1024!2i768!4f13.1!3m3!1m2!1s0x47c195617538d997%3A0xe4df80040d1a31fb!2sAbbaye%20Notre-Dame%20de%20Leffe!5e0!3m2!1sfr!2sbe!4v1744703530679!5m2!1sfr!2sbe\" width=\"600\" height=\"450\" style=\"border:0;\" allowfullscreen=\"\" loading=\"lazy\" referrerpolicy=\"no-referrer-when-downgrade\"><\/iframe>\n<\/div>\n<\/div>\n<\/div><\/div>\n","protected":false},"excerpt":{"rendered":"","protected":false},"author":1,"featured_media":0,"parent":0,"menu_order":0,"comment_status":"closed","ping_status":"closed","template":"page-templates\/full-width-transparent.php","meta":{"footnotes":""},"class_list":["post-42","page","type-page","status-publish","hentry"],"jetpack_sharing_enabled":true,"_links":{"self":[{"href":"https:\/\/www.abbaye-de-leffe.be\/en\/wp-json\/wp\/v2\/pages\/42","targetHints":{"allow":["GET"]}}],"collection":[{"href":"https:\/\/www.abbaye-de-leffe.be\/en\/wp-json\/wp\/v2\/pages"}],"about":[{"href":"https:\/\/www.abbaye-de-leffe.be\/en\/wp-json\/wp\/v2\/types\/page"}],"author":[{"embeddable":true,"href":"https:\/\/www.abbaye-de-leffe.be\/en\/wp-json\/wp\/v2\/users\/1"}],"replies":[{"embeddable":true,"href":"https:\/\/www.abbaye-de-leffe.be\/en\/wp-json\/wp\/v2\/comments?post=42"}],"version-history":[{"count":217,"href":"https:\/\/www.abbaye-de-leffe.be\/en\/wp-json\/wp\/v2\/pages\/42\/revisions"}],"predecessor-version":[{"id":5253,"href":"https:\/\/www.abbaye-de-leffe.be\/en\/wp-json\/wp\/v2\/pages\/42\/revisions\/5253"}],"wp:attachment":[{"href":"https:\/\/www.abbaye-de-leffe.be\/en\/wp-json\/wp\/v2\/media?parent=42"}],"curies":[{"name":"wp","href":"https:\/\/api.w.org\/{rel}","templated":true}]}}